{"id":21433,"date":"2016-04-21T16:09:39","date_gmt":"2016-04-21T19:09:39","guid":{"rendered":"http:\/\/caballitotequiero.com.ar\/portal_\/?page_id=21239"},"modified":"2025-05-14T14:41:20","modified_gmt":"2025-05-14T17:41:20","slug":"inicio","status":"publish","type":"page","link":"http:\/\/caballitotequiero.com.ar\/portal\/","title":{"rendered":"inicio"},"content":{"rendered":"\n<style type=\"text\/css\" data-created_by=\"avia_inline_auto\" id=\"style-css-av-5e14d5l-0ab844b910a7d3a10412e787896e0aa1\">\n.avia-section.av-5e14d5l-0ab844b910a7d3a10412e787896e0aa1{\nbackground-color:#00a650;\nbackground-image:unset;\nmargin-top:20px;\nmargin-bottom:0px;\n}\n<\/style>\n<div id='av_section_1'  class='avia-section av-5e14d5l-0ab844b910a7d3a10412e787896e0aa1 main_color avia-section-no-padding avia-no-border-styling  avia-builder-el-0  avia-builder-el-no-sibling  avia-bg-style-scroll container_wrap fullsize'  ><div class='container av-section-cont-open' ><main  role=\"main\" itemprop=\"mainContentOfPage\"  class='template-page content  av-content-full alpha units'><div class='post-entry post-entry-type-page post-entry-21433'><div class='entry-content-wrapper clearfix'>\n<div class='flex_column_table av-4wbcty1-564e8e0e76481d7772e96f0324b5c357 sc-av_one_fifth av-equal-height-column-flextable'>\n<style type=\"text\/css\" data-created_by=\"avia_inline_auto\" id=\"style-css-av-4wbcty1-564e8e0e76481d7772e96f0324b5c357\">\n.flex_column.av-4wbcty1-564e8e0e76481d7772e96f0324b5c357{\n-webkit-border-radius:0px 0px 0px 0px;\n-moz-border-radius:0px 0px 0px 0px;\nborder-radius:0px 0px 0px 0px;\npadding:15px 30px 0px 0px;\nbackground-color:#00a650;\n}\n<\/style>\n<div class='flex_column av-4wbcty1-564e8e0e76481d7772e96f0324b5c357 av_one_fifth  avia-builder-el-1  el_before_av_three_fifth  avia-builder-el-first  first no_margin flex_column_table_cell av-equal-height-column av-align-top '     ><div  class='avia-builder-widget-area clearfix  avia-builder-el-2  avia-builder-el-no-sibling '><div id=\"text-17\" class=\"widget clearfix widget_text\"><h3 class=\"widgettitle\">Revista Horizonte Marzo 2026<\/h3>\t\t\t<div class=\"textwidget\"><a href=\"http:\/\/caballitotequiero.com.ar\/portal\/wp-content\/uploads\/2026\/04\/Horizonte-361-marzo-2026.pdf\">\r\n<img decoding=\"async\"  align=\"center\" src=\"http:\/\/caballitotequiero.com.ar\/portal\/wp-content\/uploads\/2026\/04\/tapita-marzo.jpg\"><\/a><\/div>\n\t\t<\/div><div id=\"text-19\" class=\"widget clearfix widget_text\"><h3 class=\"widgettitle\">Casamiento en Tranv\u00eda<\/h3>\t\t\t<div class=\"textwidget\"><div  class='avia-video av-av_video-04555c9bf8a0ba164dde2a32135496eb avia-video-16-9 av-no-preview-image avia-video-load-always av-lazyload-immediate av-lazyload-video-embed'  itemprop=\"video\" itemtype=\"https:\/\/schema.org\/VideoObject\"  data-original_url='https:\/\/www.youtube.com\/watch?v=iw0VIFnBq2M'><script type='text\/html' class='av-video-tmpl'><div class='avia-iframe-wrap'><iframe title=\"Casamiento en tranv\u00eda\" src=\"https:\/\/www.youtube.com\/embed\/iw0VIFnBq2M?feature=oembed&autoplay=0&loop=0&controls=1&mute=0\" frameborder=\"0\" allow=\"accelerometer; autoplay; clipboard-write; encrypted-media; gyroscope; picture-in-picture; web-share\" referrerpolicy=\"strict-origin-when-cross-origin\" allowfullscreen><\/iframe><\/div><\/script><div class='av-click-to-play-overlay'><div class=\"avia_playpause_icon\"><\/div><\/div><\/div>\r\n\r\nMarina y H\u00e9ctor<\/div>\n\t\t<\/div><div id=\"text-20\" class=\"widget clearfix widget_text\"><h3 class=\"widgettitle\">Enlaces de Inter\u00e9s<\/h3>\t\t\t<div class=\"textwidget\">\n<style type=\"text\/css\" data-created_by=\"avia_inline_auto\" id=\"style-css-av-av_partner-6c08c459c26ae6670a4b1ebbd3c9217f\">\n.avia-logo-element-container.av-av_partner-6c08c459c26ae6670a4b1ebbd3c9217f .av-partner-fake-img{\nbackground-size:cover;\n}\n<\/style>\n<div  class='avia-logo-element-container av-av_partner-6c08c459c26ae6670a4b1ebbd3c9217f avia-logo-grid avia-content-slider avia-smallarrow-slider avia-content-grid-active noHover avia-content-slider-even avia-content-slider1' ><div class='avia-smallarrow-slider-heading  no-logo-slider-heading '><div class='new-special-heading'>&nbsp;<\/div><\/div><div class=\"avia-content-slider-inner\"><div class=\"slide-entry-wrap\"><div data-avia-tooltip=\"Asociaci\u00f3n Amigos del Tranv\u00eda\" class='slide-entry av-av_partner_logo-89fe27313f0e5a4e72433de392c0f78e flex_column no_margin av_one_half real-thumbnail post-entry slide-entry-overview slide-loop-1 slide-parity-odd  first'><a href=\"http:\/\/www.tranvia.org.ar.\/\" data-rel='slide-1' class='slide-image' title='' target=\"_blank\" rel=\"noopener noreferrer\"><span class='av-partner-fake-img' style='padding-bottom:100%; background-image:url(http:\/\/caballitotequiero.com.ar\/portal\/wp-content\/uploads\/2016\/04\/logo_tranvia.jpg);'><\/span><\/a><\/div><div data-avia-tooltip=\"Museo Luis Perlotti\" class='slide-entry av-av_partner_logo-7695865a91e38311988048a0e3e9aeb5 flex_column no_margin av_one_half real-thumbnail post-entry slide-entry-overview slide-loop-2 slide-parity-even  '><a href=\"http:\/\/www.museoperlotti.buenosaires.gob.ar\/\" data-rel='slide-1' class='slide-image' title='' ><span class='av-partner-fake-img' style='padding-bottom:100%; background-image:url(http:\/\/caballitotequiero.com.ar\/portal\/wp-content\/uploads\/2016\/04\/logo_perlotti.jpg);'><\/span><\/a><\/div><\/div><div class=\"slide-entry-wrap\"><div data-avia-tooltip=\"Museo de Ciencias Naturales\" class='slide-entry av-av_partner_logo-fef4e8c328f64f0f1ed3dd0ff3a0d457 flex_column no_margin av_one_half real-thumbnail post-entry slide-entry-overview slide-loop-3 slide-parity-odd  first'><a href=\"http:\/\/www.macn.secyt.gov.ar\/\" data-rel='slide-1' class='slide-image' title='' target=\"_blank\" rel=\"noopener noreferrer\"><span class='av-partner-fake-img' style='padding-bottom:100%; background-image:url(http:\/\/caballitotequiero.com.ar\/portal\/wp-content\/uploads\/2016\/04\/logo_museo_csnat.jpg);'><\/span><\/a><\/div><div data-avia-tooltip=\"Club Ferro Carril Oeste\" class='slide-entry av-av_partner_logo-8925218dcfd583f2d3a2462f762aa9ee flex_column no_margin av_one_half real-thumbnail post-entry slide-entry-overview slide-loop-4 slide-parity-even  '><a href=\"http:\/\/www.ferrocarriloeste.org.ar\/\" data-rel='slide-1' class='slide-image' title='' target=\"_blank\" rel=\"noopener noreferrer\"><span class='av-partner-fake-img' style='padding-bottom:100%; background-image:url(http:\/\/caballitotequiero.com.ar\/portal\/wp-content\/uploads\/2016\/04\/logo_ferro.jpg);'><\/span><\/a><\/div><\/div><div class=\"slide-entry-wrap\"><div data-avia-tooltip=\"Ferro Energ\u00eda Verde\" class='slide-entry av-av_partner_logo-9a30171258dbc9dbe76ef37656329e92 flex_column no_margin av_one_half real-thumbnail post-entry slide-entry-overview slide-loop-5 slide-parity-odd  first'><a href=\"http:\/\/www.ferroenergiaverde.com.ar\/\" data-rel='slide-1' class='slide-image' title='' target=\"_blank\" rel=\"noopener noreferrer\"><span class='av-partner-fake-img' style='padding-bottom:100%; background-image:url(http:\/\/caballitotequiero.com.ar\/portal\/wp-content\/uploads\/2016\/04\/logo_energiaverde.jpg);'><\/span><\/a><\/div><div data-avia-tooltip=\"Club Italiano\" class='slide-entry av-av_partner_logo-6ebf7d8d778540a4dec252e15d2d0064 flex_column no_margin av_one_half real-thumbnail post-entry slide-entry-overview slide-loop-6 slide-parity-even  '><a href=\"http:\/\/www.clubitaliano.com.ar\/\" data-rel='slide-1' class='slide-image' title='' target=\"_blank\" rel=\"noopener noreferrer\"><span class='av-partner-fake-img' style='padding-bottom:100%; background-image:url(http:\/\/caballitotequiero.com.ar\/portal\/wp-content\/uploads\/2016\/04\/logo_club_italiano.jpg);'><\/span><\/a><\/div><\/div><div class=\"slide-entry-wrap\"><div data-avia-tooltip=\"Asoc. Civil Caballito Puede\" class='slide-entry av-av_partner_logo-314fca663526a97033ccd3482c1c8f22 flex_column no_margin av_one_half real-thumbnail post-entry slide-entry-overview slide-loop-7 slide-parity-odd  first'><a href=\"http:\/\/www.caballitopuede.com.ar\/\" data-rel='slide-1' class='slide-image' title='' target=\"_blank\" rel=\"noopener noreferrer\"><span class='av-partner-fake-img' style='padding-bottom:100%; background-image:url(http:\/\/caballitotequiero.com.ar\/portal\/wp-content\/uploads\/2016\/04\/logo_caballito_puede.jpg);'><\/span><\/a><\/div><div data-avia-tooltip=\"Gobierno de la Ciudad\" class='slide-entry av-av_partner_logo-9b5d7faf5516fe5cec9d80acfe47c085 flex_column no_margin av_one_half real-thumbnail post-entry slide-entry-overview slide-loop-8 slide-parity-even  '><a href=\"http:\/\/www.buenosaires.gob.ar\/\" data-rel='slide-1' class='slide-image' title='' target=\"_blank\" rel=\"noopener noreferrer\"><span class='av-partner-fake-img' style='padding-bottom:100%; background-image:url(http:\/\/caballitotequiero.com.ar\/portal\/wp-content\/uploads\/2016\/04\/logo_bs_ciudad.jpg);'><\/span><\/a><\/div><\/div><div class=\"slide-entry-wrap\"><div data-avia-tooltip=\"Mercado del Progreso\" class='slide-entry av-av_partner_logo-17daf2e554c61a340cad6a0c78131e1e flex_column no_margin av_one_half real-thumbnail post-entry slide-entry-overview slide-loop-9 slide-parity-odd  first'><a href=\"http:\/\/www.mercadodelprogreso.com.ar\/\" data-rel='slide-1' class='slide-image' title='' target=\"_blank\" rel=\"noopener noreferrer\"><span class='av-partner-fake-img' style='padding-bottom:100%; background-image:url(http:\/\/caballitotequiero.com.ar\/portal\/wp-content\/uploads\/2016\/04\/logo_progreso.jpg);'><\/span><\/a><\/div><div data-avia-tooltip=\"Asociaci\u00f3n Argentina Amigos de la Astronom\u00eda\" class='slide-entry av-av_partner_logo-1f2ac2702b31dd7c01ac5d5528941e2a flex_column no_margin av_one_half real-thumbnail post-entry slide-entry-overview slide-loop-10 slide-parity-even  '><a href=\"http:\/\/www.amigosdelaastronomia.org\" data-rel='slide-1' class='slide-image' title='' target=\"_blank\" rel=\"noopener noreferrer\"><span class='av-partner-fake-img' style='padding-bottom:100%; background-image:url(http:\/\/caballitotequiero.com.ar\/portal\/wp-content\/uploads\/2016\/04\/logo_astronomia.jpg);'><\/span><\/a><\/div><\/div><div class=\"slide-entry-wrap\"><div data-avia-tooltip=\"Centro Burgal\u00e9s\" class='slide-entry av-av_partner_logo-4dc6acfe845c1c316b109a21ccab419a flex_column no_margin av_one_half real-thumbnail post-entry slide-entry-overview slide-loop-11 slide-parity-odd  first'><a href=\"http:\/\/www.centroburgales.com.ar\" data-rel='slide-1' class='slide-image' title='' target=\"_blank\" rel=\"noopener noreferrer\"><span class='av-partner-fake-img' style='padding-bottom:100%; background-image:url(http:\/\/caballitotequiero.com.ar\/portal\/wp-content\/uploads\/2016\/04\/logo_burgales.jpg);'><\/span><\/a><\/div><div data-avia-tooltip=\"Hospital de Oncolog\u00eda Mar\u00eda Curie\" class='slide-entry av-av_partner_logo-a6bd9973e938bcc70edbd40d96711c66 flex_column no_margin av_one_half real-thumbnail post-entry slide-entry-overview slide-loop-12 slide-parity-even  '><a href=\"http:\/\/www.buenosaires.gob.ar\/hospitalmariecurie\" data-rel='slide-1' class='slide-image' title='' target=\"_blank\" rel=\"noopener noreferrer\"><span class='av-partner-fake-img' style='padding-bottom:100%; background-image:url(http:\/\/caballitotequiero.com.ar\/portal\/wp-content\/uploads\/2016\/04\/logo_curie.jpg);'><\/span><\/a><\/div><\/div><div class=\"slide-entry-wrap\"><div data-avia-tooltip=\"Hospital Durand\" class='slide-entry av-av_partner_logo-9001a13802f38a6834cf15d1bc2f14bf flex_column no_margin av_one_half real-thumbnail post-entry slide-entry-overview slide-loop-13 slide-parity-odd  first'><a href=\"http:\/\/www.hospitaldurand.org.ar\" data-rel='slide-1' class='slide-image' title='' target=\"_blank\" rel=\"noopener noreferrer\"><span class='av-partner-fake-img' style='padding-bottom:100%; background-image:url(http:\/\/caballitotequiero.com.ar\/portal\/wp-content\/uploads\/2016\/04\/logo_durand.jpg);'><\/span><\/a><\/div><div data-avia-tooltip=\"Rotary Club de Caballito\" class='slide-entry av-av_partner_logo-a40ff5eff42b2eff2e29b533cc45c8f8 flex_column no_margin av_one_half real-thumbnail post-entry slide-entry-overview slide-loop-14 slide-parity-even  '><a href=\"http:\/\/rotarycaballito.blogspot.com.ar\" data-rel='slide-1' class='slide-image' title='' target=\"_blank\" rel=\"noopener noreferrer\"><span class='av-partner-fake-img' style='padding-bottom:100%; background-image:url(http:\/\/caballitotequiero.com.ar\/portal\/wp-content\/uploads\/2016\/04\/logo_rotary.jpg);'><\/span><\/a><\/div><\/div><div class=\"slide-entry-wrap\"><div data-avia-tooltip=\"Centro Cultural Sureda\" class='slide-entry av-av_partner_logo-5dc4b53535574382506433a051e86c1e flex_column no_margin av_one_half real-thumbnail post-entry slide-entry-overview slide-loop-15 slide-parity-odd post-entry-last first'><a href=\"http:\/\/centroculturalsureda.org\" data-rel='slide-1' class='slide-image' title='' target=\"_blank\" rel=\"noopener noreferrer\"><span class='av-partner-fake-img' style='padding-bottom:100%; background-image:url(http:\/\/caballitotequiero.com.ar\/portal\/wp-content\/uploads\/2016\/04\/logo_sureda.jpg);'><\/span><\/a><\/div><\/div><\/div><\/div>\r\n<\/div>\n\t\t<\/div><div id=\"archives-4\" class=\"widget clearfix widget_archive\"><h3 class=\"widgettitle\">Archivos<\/h3>\t\t<label class=\"screen-reader-text\" for=\"archives-dropdown-4\">Archivos<\/label>\n\t\t<select id=\"archives-dropdown-4\" name=\"archive-dropdown\">\n\t\t\t\n\t\t\t<option value=\"\">Elegir el mes<\/option>\n\t\t\t\t<option value='http:\/\/caballitotequiero.com.ar\/portal\/2026\/04\/'> abril 2026 &nbsp;(5)<\/option>\n\t<option value='http:\/\/caballitotequiero.com.ar\/portal\/2026\/03\/'> marzo 2026 &nbsp;(7)<\/option>\n\t<option value='http:\/\/caballitotequiero.com.ar\/portal\/2026\/02\/'> febrero 2026 &nbsp;(8)<\/option>\n\t<option value='http:\/\/caballitotequiero.com.ar\/portal\/2026\/01\/'> enero 2026 &nbsp;(8)<\/option>\n\t<option value='http:\/\/caballitotequiero.com.ar\/portal\/2025\/12\/'> diciembre 2025 &nbsp;(9)<\/option>\n\t<option value='http:\/\/caballitotequiero.com.ar\/portal\/2025\/11\/'> noviembre 2025 &nbsp;(13)<\/option>\n\t<option value='http:\/\/caballitotequiero.com.ar\/portal\/2025\/10\/'> octubre 2025 &nbsp;(10)<\/option>\n\t<option value='http:\/\/caballitotequiero.com.ar\/portal\/2025\/09\/'> septiembre 2025 &nbsp;(10)<\/option>\n\t<option value='http:\/\/caballitotequiero.com.ar\/portal\/2025\/08\/'> agosto 2025 &nbsp;(8)<\/option>\n\t<option value='http:\/\/caballitotequiero.com.ar\/portal\/2025\/07\/'> julio 2025 &nbsp;(11)<\/option>\n\t<option value='http:\/\/caballitotequiero.com.ar\/portal\/2025\/06\/'> junio 2025 &nbsp;(13)<\/option>\n\t<option value='http:\/\/caballitotequiero.com.ar\/portal\/2025\/05\/'> mayo 2025 &nbsp;(11)<\/option>\n\t<option value='http:\/\/caballitotequiero.com.ar\/portal\/2025\/04\/'> abril 2025 &nbsp;(9)<\/option>\n\t<option value='http:\/\/caballitotequiero.com.ar\/portal\/2025\/03\/'> marzo 2025 &nbsp;(10)<\/option>\n\t<option value='http:\/\/caballitotequiero.com.ar\/portal\/2025\/02\/'> febrero 2025 &nbsp;(10)<\/option>\n\t<option value='http:\/\/caballitotequiero.com.ar\/portal\/2025\/01\/'> enero 2025 &nbsp;(7)<\/option>\n\t<option value='http:\/\/caballitotequiero.com.ar\/portal\/2024\/12\/'> diciembre 2024 &nbsp;(9)<\/option>\n\t<option value='http:\/\/caballitotequiero.com.ar\/portal\/2024\/11\/'> noviembre 2024 &nbsp;(14)<\/option>\n\t<option value='http:\/\/caballitotequiero.com.ar\/portal\/2024\/10\/'> octubre 2024 &nbsp;(14)<\/option>\n\t<option value='http:\/\/caballitotequiero.com.ar\/portal\/2024\/09\/'> septiembre 2024 &nbsp;(11)<\/option>\n\t<option value='http:\/\/caballitotequiero.com.ar\/portal\/2024\/08\/'> agosto 2024 &nbsp;(9)<\/option>\n\t<option value='http:\/\/caballitotequiero.com.ar\/portal\/2024\/07\/'> julio 2024 &nbsp;(11)<\/option>\n\t<option value='http:\/\/caballitotequiero.com.ar\/portal\/2024\/06\/'> junio 2024 &nbsp;(11)<\/option>\n\t<option value='http:\/\/caballitotequiero.com.ar\/portal\/2024\/05\/'> mayo 2024 &nbsp;(9)<\/option>\n\t<option value='http:\/\/caballitotequiero.com.ar\/portal\/2024\/04\/'> abril 2024 &nbsp;(11)<\/option>\n\t<option value='http:\/\/caballitotequiero.com.ar\/portal\/2024\/03\/'> marzo 2024 &nbsp;(11)<\/option>\n\t<option value='http:\/\/caballitotequiero.com.ar\/portal\/2024\/02\/'> febrero 2024 &nbsp;(12)<\/option>\n\t<option value='http:\/\/caballitotequiero.com.ar\/portal\/2024\/01\/'> enero 2024 &nbsp;(9)<\/option>\n\t<option value='http:\/\/caballitotequiero.com.ar\/portal\/2023\/12\/'> diciembre 2023 &nbsp;(12)<\/option>\n\t<option value='http:\/\/caballitotequiero.com.ar\/portal\/2023\/11\/'> noviembre 2023 &nbsp;(11)<\/option>\n\t<option value='http:\/\/caballitotequiero.com.ar\/portal\/2023\/10\/'> octubre 2023 &nbsp;(7)<\/option>\n\t<option value='http:\/\/caballitotequiero.com.ar\/portal\/2023\/09\/'> septiembre 2023 &nbsp;(13)<\/option>\n\t<option value='http:\/\/caballitotequiero.com.ar\/portal\/2023\/08\/'> agosto 2023 &nbsp;(11)<\/option>\n\t<option value='http:\/\/caballitotequiero.com.ar\/portal\/2023\/07\/'> julio 2023 &nbsp;(8)<\/option>\n\t<option value='http:\/\/caballitotequiero.com.ar\/portal\/2023\/06\/'> junio 2023 &nbsp;(9)<\/option>\n\t<option value='http:\/\/caballitotequiero.com.ar\/portal\/2023\/05\/'> mayo 2023 &nbsp;(9)<\/option>\n\t<option value='http:\/\/caballitotequiero.com.ar\/portal\/2023\/04\/'> abril 2023 &nbsp;(8)<\/option>\n\t<option value='http:\/\/caballitotequiero.com.ar\/portal\/2023\/03\/'> marzo 2023 &nbsp;(9)<\/option>\n\t<option value='http:\/\/caballitotequiero.com.ar\/portal\/2023\/02\/'> febrero 2023 &nbsp;(11)<\/option>\n\t<option value='http:\/\/caballitotequiero.com.ar\/portal\/2023\/01\/'> enero 2023 &nbsp;(4)<\/option>\n\t<option value='http:\/\/caballitotequiero.com.ar\/portal\/2022\/12\/'> diciembre 2022 &nbsp;(8)<\/option>\n\t<option value='http:\/\/caballitotequiero.com.ar\/portal\/2022\/11\/'> noviembre 2022 &nbsp;(8)<\/option>\n\t<option value='http:\/\/caballitotequiero.com.ar\/portal\/2022\/10\/'> octubre 2022 &nbsp;(12)<\/option>\n\t<option value='http:\/\/caballitotequiero.com.ar\/portal\/2022\/09\/'> septiembre 2022 &nbsp;(12)<\/option>\n\t<option value='http:\/\/caballitotequiero.com.ar\/portal\/2022\/08\/'> agosto 2022 &nbsp;(11)<\/option>\n\t<option value='http:\/\/caballitotequiero.com.ar\/portal\/2022\/07\/'> julio 2022 &nbsp;(11)<\/option>\n\t<option value='http:\/\/caballitotequiero.com.ar\/portal\/2022\/06\/'> junio 2022 &nbsp;(6)<\/option>\n\t<option value='http:\/\/caballitotequiero.com.ar\/portal\/2022\/05\/'> mayo 2022 &nbsp;(10)<\/option>\n\t<option value='http:\/\/caballitotequiero.com.ar\/portal\/2022\/04\/'> abril 2022 &nbsp;(11)<\/option>\n\t<option value='http:\/\/caballitotequiero.com.ar\/portal\/2022\/03\/'> marzo 2022 &nbsp;(7)<\/option>\n\t<option value='http:\/\/caballitotequiero.com.ar\/portal\/2022\/02\/'> febrero 2022 &nbsp;(12)<\/option>\n\t<option value='http:\/\/caballitotequiero.com.ar\/portal\/2022\/01\/'> enero 2022 &nbsp;(6)<\/option>\n\t<option value='http:\/\/caballitotequiero.com.ar\/portal\/2021\/12\/'> diciembre 2021 &nbsp;(7)<\/option>\n\t<option value='http:\/\/caballitotequiero.com.ar\/portal\/2021\/11\/'> noviembre 2021 &nbsp;(11)<\/option>\n\t<option value='http:\/\/caballitotequiero.com.ar\/portal\/2021\/10\/'> octubre 2021 &nbsp;(12)<\/option>\n\t<option value='http:\/\/caballitotequiero.com.ar\/portal\/2021\/09\/'> septiembre 2021 &nbsp;(19)<\/option>\n\t<option value='http:\/\/caballitotequiero.com.ar\/portal\/2021\/08\/'> agosto 2021 &nbsp;(20)<\/option>\n\t<option value='http:\/\/caballitotequiero.com.ar\/portal\/2021\/07\/'> julio 2021 &nbsp;(14)<\/option>\n\t<option value='http:\/\/caballitotequiero.com.ar\/portal\/2021\/06\/'> junio 2021 &nbsp;(14)<\/option>\n\t<option value='http:\/\/caballitotequiero.com.ar\/portal\/2021\/05\/'> mayo 2021 &nbsp;(14)<\/option>\n\t<option value='http:\/\/caballitotequiero.com.ar\/portal\/2021\/04\/'> abril 2021 &nbsp;(13)<\/option>\n\t<option value='http:\/\/caballitotequiero.com.ar\/portal\/2021\/03\/'> marzo 2021 &nbsp;(11)<\/option>\n\t<option value='http:\/\/caballitotequiero.com.ar\/portal\/2021\/02\/'> febrero 2021 &nbsp;(18)<\/option>\n\t<option value='http:\/\/caballitotequiero.com.ar\/portal\/2021\/01\/'> enero 2021 &nbsp;(16)<\/option>\n\t<option value='http:\/\/caballitotequiero.com.ar\/portal\/2020\/12\/'> diciembre 2020 &nbsp;(11)<\/option>\n\t<option value='http:\/\/caballitotequiero.com.ar\/portal\/2020\/11\/'> noviembre 2020 &nbsp;(13)<\/option>\n\t<option value='http:\/\/caballitotequiero.com.ar\/portal\/2020\/10\/'> octubre 2020 &nbsp;(19)<\/option>\n\t<option value='http:\/\/caballitotequiero.com.ar\/portal\/2020\/09\/'> septiembre 2020 &nbsp;(12)<\/option>\n\t<option value='http:\/\/caballitotequiero.com.ar\/portal\/2020\/08\/'> agosto 2020 &nbsp;(17)<\/option>\n\t<option value='http:\/\/caballitotequiero.com.ar\/portal\/2020\/07\/'> julio 2020 &nbsp;(25)<\/option>\n\t<option value='http:\/\/caballitotequiero.com.ar\/portal\/2020\/06\/'> junio 2020 &nbsp;(22)<\/option>\n\t<option value='http:\/\/caballitotequiero.com.ar\/portal\/2020\/05\/'> mayo 2020 &nbsp;(22)<\/option>\n\t<option value='http:\/\/caballitotequiero.com.ar\/portal\/2020\/04\/'> abril 2020 &nbsp;(14)<\/option>\n\t<option value='http:\/\/caballitotequiero.com.ar\/portal\/2020\/03\/'> marzo 2020 &nbsp;(24)<\/option>\n\t<option value='http:\/\/caballitotequiero.com.ar\/portal\/2020\/02\/'> febrero 2020 &nbsp;(23)<\/option>\n\t<option value='http:\/\/caballitotequiero.com.ar\/portal\/2020\/01\/'> enero 2020 &nbsp;(19)<\/option>\n\t<option value='http:\/\/caballitotequiero.com.ar\/portal\/2019\/12\/'> diciembre 2019 &nbsp;(13)<\/option>\n\t<option value='http:\/\/caballitotequiero.com.ar\/portal\/2019\/11\/'> noviembre 2019 &nbsp;(22)<\/option>\n\t<option value='http:\/\/caballitotequiero.com.ar\/portal\/2019\/10\/'> octubre 2019 &nbsp;(20)<\/option>\n\t<option value='http:\/\/caballitotequiero.com.ar\/portal\/2019\/09\/'> septiembre 2019 &nbsp;(25)<\/option>\n\t<option value='http:\/\/caballitotequiero.com.ar\/portal\/2019\/08\/'> agosto 2019 &nbsp;(27)<\/option>\n\t<option value='http:\/\/caballitotequiero.com.ar\/portal\/2019\/07\/'> julio 2019 &nbsp;(18)<\/option>\n\t<option value='http:\/\/caballitotequiero.com.ar\/portal\/2019\/06\/'> junio 2019 &nbsp;(21)<\/option>\n\t<option value='http:\/\/caballitotequiero.com.ar\/portal\/2019\/05\/'> mayo 2019 &nbsp;(17)<\/option>\n\t<option value='http:\/\/caballitotequiero.com.ar\/portal\/2019\/04\/'> abril 2019 &nbsp;(15)<\/option>\n\t<option value='http:\/\/caballitotequiero.com.ar\/portal\/2019\/03\/'> marzo 2019 &nbsp;(13)<\/option>\n\t<option value='http:\/\/caballitotequiero.com.ar\/portal\/2019\/02\/'> febrero 2019 &nbsp;(22)<\/option>\n\t<option value='http:\/\/caballitotequiero.com.ar\/portal\/2019\/01\/'> enero 2019 &nbsp;(17)<\/option>\n\t<option value='http:\/\/caballitotequiero.com.ar\/portal\/2018\/12\/'> diciembre 2018 &nbsp;(17)<\/option>\n\t<option value='http:\/\/caballitotequiero.com.ar\/portal\/2018\/11\/'> noviembre 2018 &nbsp;(34)<\/option>\n\t<option value='http:\/\/caballitotequiero.com.ar\/portal\/2018\/10\/'> octubre 2018 &nbsp;(23)<\/option>\n\t<option value='http:\/\/caballitotequiero.com.ar\/portal\/2018\/09\/'> septiembre 2018 &nbsp;(22)<\/option>\n\t<option value='http:\/\/caballitotequiero.com.ar\/portal\/2018\/08\/'> agosto 2018 &nbsp;(27)<\/option>\n\t<option value='http:\/\/caballitotequiero.com.ar\/portal\/2018\/07\/'> julio 2018 &nbsp;(31)<\/option>\n\t<option value='http:\/\/caballitotequiero.com.ar\/portal\/2018\/06\/'> junio 2018 &nbsp;(32)<\/option>\n\t<option value='http:\/\/caballitotequiero.com.ar\/portal\/2018\/05\/'> mayo 2018 &nbsp;(25)<\/option>\n\t<option value='http:\/\/caballitotequiero.com.ar\/portal\/2018\/04\/'> abril 2018 &nbsp;(22)<\/option>\n\t<option value='http:\/\/caballitotequiero.com.ar\/portal\/2018\/03\/'> marzo 2018 &nbsp;(20)<\/option>\n\t<option value='http:\/\/caballitotequiero.com.ar\/portal\/2018\/02\/'> febrero 2018 &nbsp;(19)<\/option>\n\t<option value='http:\/\/caballitotequiero.com.ar\/portal\/2018\/01\/'> enero 2018 &nbsp;(16)<\/option>\n\t<option value='http:\/\/caballitotequiero.com.ar\/portal\/2017\/12\/'> diciembre 2017 &nbsp;(20)<\/option>\n\t<option value='http:\/\/caballitotequiero.com.ar\/portal\/2017\/11\/'> noviembre 2017 &nbsp;(14)<\/option>\n\t<option value='http:\/\/caballitotequiero.com.ar\/portal\/2017\/10\/'> octubre 2017 &nbsp;(20)<\/option>\n\t<option value='http:\/\/caballitotequiero.com.ar\/portal\/2017\/09\/'> septiembre 2017 &nbsp;(11)<\/option>\n\t<option value='http:\/\/caballitotequiero.com.ar\/portal\/2017\/08\/'> agosto 2017 &nbsp;(17)<\/option>\n\t<option value='http:\/\/caballitotequiero.com.ar\/portal\/2017\/07\/'> julio 2017 &nbsp;(14)<\/option>\n\t<option value='http:\/\/caballitotequiero.com.ar\/portal\/2017\/06\/'> junio 2017 &nbsp;(22)<\/option>\n\t<option value='http:\/\/caballitotequiero.com.ar\/portal\/2017\/05\/'> mayo 2017 &nbsp;(22)<\/option>\n\t<option value='http:\/\/caballitotequiero.com.ar\/portal\/2017\/04\/'> abril 2017 &nbsp;(8)<\/option>\n\t<option value='http:\/\/caballitotequiero.com.ar\/portal\/2017\/03\/'> marzo 2017 &nbsp;(8)<\/option>\n\t<option value='http:\/\/caballitotequiero.com.ar\/portal\/2017\/02\/'> febrero 2017 &nbsp;(18)<\/option>\n\t<option value='http:\/\/caballitotequiero.com.ar\/portal\/2017\/01\/'> enero 2017 &nbsp;(15)<\/option>\n\t<option value='http:\/\/caballitotequiero.com.ar\/portal\/2016\/12\/'> diciembre 2016 &nbsp;(13)<\/option>\n\t<option value='http:\/\/caballitotequiero.com.ar\/portal\/2016\/11\/'> noviembre 2016 &nbsp;(17)<\/option>\n\t<option value='http:\/\/caballitotequiero.com.ar\/portal\/2016\/10\/'> octubre 2016 &nbsp;(10)<\/option>\n\t<option value='http:\/\/caballitotequiero.com.ar\/portal\/2016\/09\/'> septiembre 2016 &nbsp;(21)<\/option>\n\t<option value='http:\/\/caballitotequiero.com.ar\/portal\/2016\/08\/'> agosto 2016 &nbsp;(18)<\/option>\n\t<option value='http:\/\/caballitotequiero.com.ar\/portal\/2016\/07\/'> julio 2016 &nbsp;(16)<\/option>\n\t<option value='http:\/\/caballitotequiero.com.ar\/portal\/2016\/06\/'> junio 2016 &nbsp;(24)<\/option>\n\t<option value='http:\/\/caballitotequiero.com.ar\/portal\/2016\/05\/'> mayo 2016 &nbsp;(26)<\/option>\n\t<option value='http:\/\/caballitotequiero.com.ar\/portal\/2016\/04\/'> abril 2016 &nbsp;(18)<\/option>\n\t<option value='http:\/\/caballitotequiero.com.ar\/portal\/2016\/03\/'> marzo 2016 &nbsp;(17)<\/option>\n\t<option value='http:\/\/caballitotequiero.com.ar\/portal\/2016\/02\/'> febrero 2016 &nbsp;(23)<\/option>\n\t<option value='http:\/\/caballitotequiero.com.ar\/portal\/2016\/01\/'> enero 2016 &nbsp;(11)<\/option>\n\t<option value='http:\/\/caballitotequiero.com.ar\/portal\/2015\/12\/'> diciembre 2015 &nbsp;(13)<\/option>\n\t<option value='http:\/\/caballitotequiero.com.ar\/portal\/2015\/11\/'> noviembre 2015 &nbsp;(23)<\/option>\n\t<option value='http:\/\/caballitotequiero.com.ar\/portal\/2015\/10\/'> octubre 2015 &nbsp;(18)<\/option>\n\t<option value='http:\/\/caballitotequiero.com.ar\/portal\/2015\/09\/'> septiembre 2015 &nbsp;(14)<\/option>\n\t<option value='http:\/\/caballitotequiero.com.ar\/portal\/2015\/08\/'> agosto 2015 &nbsp;(27)<\/option>\n\t<option value='http:\/\/caballitotequiero.com.ar\/portal\/2015\/07\/'> julio 2015 &nbsp;(25)<\/option>\n\t<option value='http:\/\/caballitotequiero.com.ar\/portal\/2015\/06\/'> junio 2015 &nbsp;(30)<\/option>\n\t<option value='http:\/\/caballitotequiero.com.ar\/portal\/2015\/05\/'> mayo 2015 &nbsp;(30)<\/option>\n\t<option value='http:\/\/caballitotequiero.com.ar\/portal\/2015\/04\/'> abril 2015 &nbsp;(33)<\/option>\n\t<option value='http:\/\/caballitotequiero.com.ar\/portal\/2015\/03\/'> marzo 2015 &nbsp;(26)<\/option>\n\t<option value='http:\/\/caballitotequiero.com.ar\/portal\/2015\/02\/'> febrero 2015 &nbsp;(12)<\/option>\n\t<option value='http:\/\/caballitotequiero.com.ar\/portal\/2015\/01\/'> enero 2015 &nbsp;(15)<\/option>\n\t<option value='http:\/\/caballitotequiero.com.ar\/portal\/2014\/12\/'> diciembre 2014 &nbsp;(25)<\/option>\n\t<option value='http:\/\/caballitotequiero.com.ar\/portal\/2014\/11\/'> noviembre 2014 &nbsp;(33)<\/option>\n\t<option value='http:\/\/caballitotequiero.com.ar\/portal\/2014\/10\/'> octubre 2014 &nbsp;(23)<\/option>\n\t<option value='http:\/\/caballitotequiero.com.ar\/portal\/2014\/09\/'> septiembre 2014 &nbsp;(18)<\/option>\n\t<option value='http:\/\/caballitotequiero.com.ar\/portal\/2014\/08\/'> agosto 2014 &nbsp;(27)<\/option>\n\t<option value='http:\/\/caballitotequiero.com.ar\/portal\/2014\/07\/'> julio 2014 &nbsp;(38)<\/option>\n\t<option value='http:\/\/caballitotequiero.com.ar\/portal\/2014\/06\/'> junio 2014 &nbsp;(39)<\/option>\n\t<option value='http:\/\/caballitotequiero.com.ar\/portal\/2014\/05\/'> mayo 2014 &nbsp;(38)<\/option>\n\t<option value='http:\/\/caballitotequiero.com.ar\/portal\/2014\/04\/'> abril 2014 &nbsp;(35)<\/option>\n\t<option value='http:\/\/caballitotequiero.com.ar\/portal\/2014\/03\/'> marzo 2014 &nbsp;(36)<\/option>\n\t<option value='http:\/\/caballitotequiero.com.ar\/portal\/2014\/02\/'> febrero 2014 &nbsp;(26)<\/option>\n\t<option value='http:\/\/caballitotequiero.com.ar\/portal\/2014\/01\/'> enero 2014 &nbsp;(21)<\/option>\n\t<option value='http:\/\/caballitotequiero.com.ar\/portal\/2013\/12\/'> diciembre 2013 &nbsp;(35)<\/option>\n\t<option value='http:\/\/caballitotequiero.com.ar\/portal\/2013\/11\/'> noviembre 2013 &nbsp;(35)<\/option>\n\t<option value='http:\/\/caballitotequiero.com.ar\/portal\/2013\/10\/'> octubre 2013 &nbsp;(48)<\/option>\n\t<option value='http:\/\/caballitotequiero.com.ar\/portal\/2013\/09\/'> septiembre 2013 &nbsp;(35)<\/option>\n\t<option value='http:\/\/caballitotequiero.com.ar\/portal\/2013\/08\/'> agosto 2013 &nbsp;(26)<\/option>\n\t<option value='http:\/\/caballitotequiero.com.ar\/portal\/2013\/07\/'> julio 2013 &nbsp;(33)<\/option>\n\t<option value='http:\/\/caballitotequiero.com.ar\/portal\/2013\/06\/'> junio 2013 &nbsp;(37)<\/option>\n\t<option value='http:\/\/caballitotequiero.com.ar\/portal\/2013\/05\/'> mayo 2013 &nbsp;(20)<\/option>\n\t<option value='http:\/\/caballitotequiero.com.ar\/portal\/2013\/04\/'> abril 2013 &nbsp;(27)<\/option>\n\t<option value='http:\/\/caballitotequiero.com.ar\/portal\/2013\/03\/'> marzo 2013 &nbsp;(44)<\/option>\n\t<option value='http:\/\/caballitotequiero.com.ar\/portal\/2013\/02\/'> febrero 2013 &nbsp;(33)<\/option>\n\t<option value='http:\/\/caballitotequiero.com.ar\/portal\/2013\/01\/'> enero 2013 &nbsp;(34)<\/option>\n\t<option value='http:\/\/caballitotequiero.com.ar\/portal\/2012\/12\/'> diciembre 2012 &nbsp;(35)<\/option>\n\t<option value='http:\/\/caballitotequiero.com.ar\/portal\/2012\/11\/'> noviembre 2012 &nbsp;(34)<\/option>\n\t<option value='http:\/\/caballitotequiero.com.ar\/portal\/2012\/10\/'> octubre 2012 &nbsp;(30)<\/option>\n\t<option value='http:\/\/caballitotequiero.com.ar\/portal\/2012\/09\/'> septiembre 2012 &nbsp;(41)<\/option>\n\t<option value='http:\/\/caballitotequiero.com.ar\/portal\/2012\/08\/'> agosto 2012 &nbsp;(30)<\/option>\n\t<option value='http:\/\/caballitotequiero.com.ar\/portal\/2012\/07\/'> julio 2012 &nbsp;(33)<\/option>\n\t<option value='http:\/\/caballitotequiero.com.ar\/portal\/2012\/06\/'> junio 2012 &nbsp;(32)<\/option>\n\t<option value='http:\/\/caballitotequiero.com.ar\/portal\/2012\/05\/'> mayo 2012 &nbsp;(1)<\/option>\n\t<option value='http:\/\/caballitotequiero.com.ar\/portal\/2012\/04\/'> abril 2012 &nbsp;(33)<\/option>\n\t<option value='http:\/\/caballitotequiero.com.ar\/portal\/2012\/03\/'> marzo 2012 &nbsp;(34)<\/option>\n\t<option value='http:\/\/caballitotequiero.com.ar\/portal\/2012\/02\/'> febrero 2012 &nbsp;(17)<\/option>\n\t<option value='http:\/\/caballitotequiero.com.ar\/portal\/2012\/01\/'> enero 2012 &nbsp;(23)<\/option>\n\t<option value='http:\/\/caballitotequiero.com.ar\/portal\/2011\/12\/'> diciembre 2011 &nbsp;(32)<\/option>\n\t<option value='http:\/\/caballitotequiero.com.ar\/portal\/2011\/11\/'> noviembre 2011 &nbsp;(52)<\/option>\n\t<option value='http:\/\/caballitotequiero.com.ar\/portal\/2011\/10\/'> octubre 2011 &nbsp;(41)<\/option>\n\t<option value='http:\/\/caballitotequiero.com.ar\/portal\/2011\/09\/'> septiembre 2011 &nbsp;(37)<\/option>\n\t<option value='http:\/\/caballitotequiero.com.ar\/portal\/2011\/08\/'> agosto 2011 &nbsp;(37)<\/option>\n\t<option value='http:\/\/caballitotequiero.com.ar\/portal\/2011\/07\/'> julio 2011 &nbsp;(43)<\/option>\n\t<option value='http:\/\/caballitotequiero.com.ar\/portal\/2011\/06\/'> junio 2011 &nbsp;(50)<\/option>\n\t<option value='http:\/\/caballitotequiero.com.ar\/portal\/2011\/05\/'> mayo 2011 &nbsp;(45)<\/option>\n\t<option value='http:\/\/caballitotequiero.com.ar\/portal\/2011\/04\/'> abril 2011 &nbsp;(39)<\/option>\n\t<option value='http:\/\/caballitotequiero.com.ar\/portal\/2011\/03\/'> marzo 2011 &nbsp;(44)<\/option>\n\t<option value='http:\/\/caballitotequiero.com.ar\/portal\/2011\/02\/'> febrero 2011 &nbsp;(30)<\/option>\n\n\t\t<\/select>\n\n\t\t\t<script type=\"text\/javascript\">\n\/* <![CDATA[ *\/\n\n( ( dropdownId ) => {\n\tconst dropdown = document.getElementById( dropdownId );\n\tfunction onSelectChange() {\n\t\tsetTimeout( () => {\n\t\t\tif ( 'escape' === dropdown.dataset.lastkey ) {\n\t\t\t\treturn;\n\t\t\t}\n\t\t\tif ( dropdown.value ) {\n\t\t\t\tdocument.location.href = dropdown.value;\n\t\t\t}\n\t\t}, 250 );\n\t}\n\tfunction onKeyUp( event ) {\n\t\tif ( 'Escape' === event.key ) {\n\t\t\tdropdown.dataset.lastkey = 'escape';\n\t\t} else {\n\t\t\tdelete dropdown.dataset.lastkey;\n\t\t}\n\t}\n\tfunction onClick() {\n\t\tdelete dropdown.dataset.lastkey;\n\t}\n\tdropdown.addEventListener( 'keyup', onKeyUp );\n\tdropdown.addEventListener( 'click', onClick );\n\tdropdown.addEventListener( 'change', onSelectChange );\n})( \"archives-dropdown-4\" );\n\n\/\/# sourceURL=WP_Widget_Archives%3A%3Awidget\n\/* ]]> *\/\n<\/script>\n<\/div><div id=\"text-21\" class=\"widget clearfix widget_text\"><h3 class=\"widgettitle\">Contador de Visitas<\/h3>\t\t\t<div class=\"textwidget\"><code>\r\n<!-- Start of StatCounter Code -->\r\n<h2 align=\"center\"><script type=\"text\/javascript\">\r\nvar sc_project=5309127; \r\nvar sc_invisible=0; \r\nvar sc_partition=59; \r\nvar sc_click_stat=1; \r\nvar sc_security=\"c35f4497\"; \r\n<\/script>\r\n\r\n<script type=\"text\/javascript\"\r\nsrc=\"http:\/\/www.statcounter.com\/counter\/counter.js\"><\/script><noscript><div\r\nclass=\"statcounter\"><a title=\"blogger statistics\" href=\"http:\/\/www.statcounter.com\/blogger\/\" target=\"_blank\" rel=\"noopener\"><img class=\"statcounter\"\r\nsrc=\"http:\/\/c.statcounter.com\/5309127\/0\/c35f4497\/0\/\"\r\nalt=\"blogger statistics\" ><\/a><\/div><\/noscript><\/h2>\r\n<!-- End of StatCounter Code -->\r\n<\/code><\/div>\n\t\t<\/div><div id=\"text-22\" class=\"widget clearfix widget_text\"><h3 class=\"widgettitle\">Redacci\u00f3n<\/h3>\t\t\t<div class=\"textwidget\"><p>Marina Bussio<br \/>\nDirecci\u00f3n: Yerbal 855<br \/>\nRegistro De Propiedad Intelectual: Nro. R.N. P.I: 87833319<br \/>\nTel: 11 4988-9908<br \/>\nE-mail: <a href=\"mailto:horizontedecaballito@gmail.com\" target=\"_top\" style=\"color: rgb(0,0,0);\" rel=\"noopener\">horizontedecaballito@gmail.com<\/a><\/p>\n<\/div>\n\t\t<\/div><\/div><\/div>\n<style type=\"text\/css\" data-created_by=\"avia_inline_auto\" id=\"style-css-av-3voaz7d-00802217e049b9b813786372ecb76185\">\n.flex_column.av-3voaz7d-00802217e049b9b813786372ecb76185{\n-webkit-border-radius:0px 0px 0px 0px;\n-moz-border-radius:0px 0px 0px 0px;\nborder-radius:0px 0px 0px 0px;\npadding:15px 10px 0px 10px;\nbackground-color:#ffffff;\n}\n<\/style>\n<div class='flex_column av-3voaz7d-00802217e049b9b813786372ecb76185 av_three_fifth  avia-builder-el-3  el_after_av_one_fifth  el_before_av_one_fifth  no_margin flex_column_table_cell av-equal-height-column av-align-top '     ><p><div  class='avia-slideshow av-lzlio030-b366b7f90d72c46b700bdbbdd99a2300 avia-slideshow-featured av_slideshow avia-slide_up-slider  avia-builder-el-4  el_before_av_hr  avia-builder-el-first  av-slideshow-ui av-control-hidden av-no-slider-navigation av-hide-nav-arrows av-slideshow-autoplay av-loop-endless av-loop-manual-once av-default-height-applied avia-slideshow-1' data-slideshow-options=\"{&quot;animation&quot;:&quot;slide_up&quot;,&quot;autoplay&quot;:true,&quot;loop_autoplay&quot;:&quot;endless&quot;,&quot;interval&quot;:5,&quot;loop_manual&quot;:&quot;manual-once&quot;,&quot;autoplay_stopper&quot;:false,&quot;noNavigation&quot;:true,&quot;bg_slider&quot;:false,&quot;transitionSpeed&quot;:1000,&quot;keep_padding&quot;:false,&quot;hoverpause&quot;:false,&quot;show_slide_delay&quot;:0}\"  itemprop=\"image\" itemscope=\"itemscope\" itemtype=\"https:\/\/schema.org\/ImageObject\" ><ul class='avia-slideshow-inner ' style='padding-bottom: 26.666666666667%;'><li  class='avia-slideshow-slide av-lzlio030-b366b7f90d72c46b700bdbbdd99a2300__0  slide-1 slide-odd'><div data-rel='slideshow-1' class='avia-slide-wrap '   ><img decoding=\"async\" class=\"wp-image-21700 avia-img-lazy-loading-not-21700\"  src=\"http:\/\/caballitotequiero.com.ar\/portal\/wp-content\/uploads\/2016\/04\/slidehome4-1500x400.jpg\" width=\"1500\" height=\"400\" title='slidehome4.jpg' alt=''  itemprop=\"thumbnailUrl\" srcset=\"http:\/\/caballitotequiero.com.ar\/portal\/wp-content\/uploads\/2016\/04\/slidehome4.jpg 1500w, http:\/\/caballitotequiero.com.ar\/portal\/wp-content\/uploads\/2016\/04\/slidehome4-300x80.jpg 300w, http:\/\/caballitotequiero.com.ar\/portal\/wp-content\/uploads\/2016\/04\/slidehome4-768x205.jpg 768w, http:\/\/caballitotequiero.com.ar\/portal\/wp-content\/uploads\/2016\/04\/slidehome4-1030x275.jpg 1030w, http:\/\/caballitotequiero.com.ar\/portal\/wp-content\/uploads\/2016\/04\/slidehome4-705x188.jpg 705w, http:\/\/caballitotequiero.com.ar\/portal\/wp-content\/uploads\/2016\/04\/slidehome4-450x120.jpg 450w\" sizes=\"(max-width: 1500px) 100vw, 1500px\" \/><\/div><\/li><li  class='avia-slideshow-slide av-lzlio030-b366b7f90d72c46b700bdbbdd99a2300__1  slide-2 slide-even'><div data-rel='slideshow-1' class='avia-slide-wrap '   ><img decoding=\"async\" class=\"wp-image-21699 avia-img-lazy-loading-not-21699\"  src=\"http:\/\/caballitotequiero.com.ar\/portal\/wp-content\/uploads\/2016\/04\/slidehome3-1500x400.jpg\" width=\"1500\" height=\"400\" title='slidehome3.jpg' alt=''  itemprop=\"thumbnailUrl\" srcset=\"http:\/\/caballitotequiero.com.ar\/portal\/wp-content\/uploads\/2016\/04\/slidehome3.jpg 1500w, http:\/\/caballitotequiero.com.ar\/portal\/wp-content\/uploads\/2016\/04\/slidehome3-300x80.jpg 300w, http:\/\/caballitotequiero.com.ar\/portal\/wp-content\/uploads\/2016\/04\/slidehome3-768x205.jpg 768w, http:\/\/caballitotequiero.com.ar\/portal\/wp-content\/uploads\/2016\/04\/slidehome3-1030x275.jpg 1030w, http:\/\/caballitotequiero.com.ar\/portal\/wp-content\/uploads\/2016\/04\/slidehome3-705x188.jpg 705w, http:\/\/caballitotequiero.com.ar\/portal\/wp-content\/uploads\/2016\/04\/slidehome3-450x120.jpg 450w\" sizes=\"(max-width: 1500px) 100vw, 1500px\" \/><\/div><\/li><li  class='avia-slideshow-slide av-lzlio030-b366b7f90d72c46b700bdbbdd99a2300__2  slide-3 slide-odd'><div data-rel='slideshow-1' class='avia-slide-wrap '   ><img decoding=\"async\" class=\"wp-image-21698 avia-img-lazy-loading-not-21698\"  src=\"http:\/\/caballitotequiero.com.ar\/portal\/wp-content\/uploads\/2016\/04\/slidehome2-1500x400.jpg\" width=\"1500\" height=\"400\" title='slidehome2.jpg' alt=''  itemprop=\"thumbnailUrl\" srcset=\"http:\/\/caballitotequiero.com.ar\/portal\/wp-content\/uploads\/2016\/04\/slidehome2.jpg 1500w, http:\/\/caballitotequiero.com.ar\/portal\/wp-content\/uploads\/2016\/04\/slidehome2-300x80.jpg 300w, http:\/\/caballitotequiero.com.ar\/portal\/wp-content\/uploads\/2016\/04\/slidehome2-768x205.jpg 768w, http:\/\/caballitotequiero.com.ar\/portal\/wp-content\/uploads\/2016\/04\/slidehome2-1030x275.jpg 1030w, http:\/\/caballitotequiero.com.ar\/portal\/wp-content\/uploads\/2016\/04\/slidehome2-705x188.jpg 705w, http:\/\/caballitotequiero.com.ar\/portal\/wp-content\/uploads\/2016\/04\/slidehome2-450x120.jpg 450w\" sizes=\"(max-width: 1500px) 100vw, 1500px\" \/><\/div><\/li><li  class='avia-slideshow-slide av-lzlio030-b366b7f90d72c46b700bdbbdd99a2300__3  slide-4 slide-even'><div data-rel='slideshow-1' class='avia-slide-wrap '   ><img decoding=\"async\" class=\"wp-image-21697 avia-img-lazy-loading-not-21697\"  src=\"http:\/\/caballitotequiero.com.ar\/portal\/wp-content\/uploads\/2016\/04\/slidehome1-1500x400.jpg\" width=\"1500\" height=\"400\" title='slidehome1.jpg' alt=''  itemprop=\"thumbnailUrl\" srcset=\"http:\/\/caballitotequiero.com.ar\/portal\/wp-content\/uploads\/2016\/04\/slidehome1.jpg 1500w, http:\/\/caballitotequiero.com.ar\/portal\/wp-content\/uploads\/2016\/04\/slidehome1-300x80.jpg 300w, http:\/\/caballitotequiero.com.ar\/portal\/wp-content\/uploads\/2016\/04\/slidehome1-768x205.jpg 768w, http:\/\/caballitotequiero.com.ar\/portal\/wp-content\/uploads\/2016\/04\/slidehome1-1030x275.jpg 1030w, http:\/\/caballitotequiero.com.ar\/portal\/wp-content\/uploads\/2016\/04\/slidehome1-705x188.jpg 705w, http:\/\/caballitotequiero.com.ar\/portal\/wp-content\/uploads\/2016\/04\/slidehome1-450x120.jpg 450w\" sizes=\"(max-width: 1500px) 100vw, 1500px\" \/><\/div><\/li><li  class='avia-slideshow-slide av-lzlio030-b366b7f90d72c46b700bdbbdd99a2300__4  slide-5 slide-odd'><div data-rel='slideshow-1' class='avia-slide-wrap '   ><img decoding=\"async\" class=\"wp-image-21701 avia-img-lazy-loading-not-21701\"  src=\"http:\/\/caballitotequiero.com.ar\/portal\/wp-content\/uploads\/2016\/04\/slidehome5-1500x400.jpg\" width=\"1500\" height=\"400\" title='slidehome5.jpg' alt=''  itemprop=\"thumbnailUrl\" srcset=\"http:\/\/caballitotequiero.com.ar\/portal\/wp-content\/uploads\/2016\/04\/slidehome5.jpg 1500w, http:\/\/caballitotequiero.com.ar\/portal\/wp-content\/uploads\/2016\/04\/slidehome5-300x80.jpg 300w, http:\/\/caballitotequiero.com.ar\/portal\/wp-content\/uploads\/2016\/04\/slidehome5-768x205.jpg 768w, http:\/\/caballitotequiero.com.ar\/portal\/wp-content\/uploads\/2016\/04\/slidehome5-1030x275.jpg 1030w, http:\/\/caballitotequiero.com.ar\/portal\/wp-content\/uploads\/2016\/04\/slidehome5-705x188.jpg 705w, http:\/\/caballitotequiero.com.ar\/portal\/wp-content\/uploads\/2016\/04\/slidehome5-450x120.jpg 450w\" sizes=\"(max-width: 1500px) 100vw, 1500px\" \/><\/div><\/li><\/ul><div class='avia-slideshow-arrows avia-slideshow-controls' ><a href='#prev' class='prev-slide ' aria-hidden='true' data-av_icon='\ue87c' data-av_iconfont='entypo-fontello'  tabindex='-1'>Anterior<\/a><a href='#next' class='next-slide ' aria-hidden='true' data-av_icon='\ue87d' data-av_iconfont='entypo-fontello'  tabindex='-1'>Posterior<\/a><\/div><\/div><br \/>\n\n<style type=\"text\/css\" data-created_by=\"avia_inline_auto\" id=\"style-css-av-2gi1e1l-e57e775023a9d21f0b91254df8d350d3\">\n#top .hr.hr-invisible.av-2gi1e1l-e57e775023a9d21f0b91254df8d350d3{\nheight:15px;\n}\n<\/style>\n<div  class='hr av-2gi1e1l-e57e775023a9d21f0b91254df8d350d3 hr-invisible  avia-builder-el-5  el_after_av_slideshow  el_before_av_heading '><span class='hr-inner '><span class=\"hr-inner-style\"><\/span><\/span><\/div><br \/>\n\n<style type=\"text\/css\" data-created_by=\"avia_inline_auto\" id=\"style-css-av-234fut5-84315298405393cd6028cdc695303925\">\n#top .av-special-heading.av-234fut5-84315298405393cd6028cdc695303925{\npadding-bottom:15px;\n}\nbody .av-special-heading.av-234fut5-84315298405393cd6028cdc695303925 .av-special-heading-tag .heading-char{\nfont-size:25px;\npadding-bottom:10px;\n}\n.av-special-heading.av-234fut5-84315298405393cd6028cdc695303925 .av-subheading{\nfont-size:15px;\n}\n<\/style>\n<div  class='av-special-heading av-234fut5-84315298405393cd6028cdc695303925 av-special-heading-h2 blockquote elegant-quote elegant-centered  avia-builder-el-6  el_after_av_hr  el_before_av_blog  av-icon'><h2 class='av-special-heading-tag'  itemprop=\"headline\"  ><span class='heading-char avia-font-entypo-fontello' aria-hidden='true' data-av_icon='\ue8d2' data-av_iconfont='entypo-fontello'><\/span><span class=\"heading-wrap\">Art\u00edculos Recientes<\/span><\/h2><div class=\"special-heading-border\"><div class=\"special-heading-inner-border\"><\/div><\/div><\/div><br \/>\n<div  id=\"grilla_inicio\"  data-slideshow-options=\"{&quot;animation&quot;:&quot;fade&quot;,&quot;autoplay&quot;:false,&quot;loop_autoplay&quot;:&quot;once&quot;,&quot;interval&quot;:5,&quot;loop_manual&quot;:&quot;manual-endless&quot;,&quot;autoplay_stopper&quot;:false,&quot;noNavigation&quot;:false,&quot;show_slide_delay&quot;:90}\" class='avia-content-slider avia-content-grid-active avia-content-slider1 avia-content-slider-odd  avia-builder-el-7  el_after_av_heading  avia-builder-el-last  av-slideshow-ui av-control-default   av-no-slider-navigation av-slideshow-manual av-loop-once av-loop-manual-endless '  itemscope=\"itemscope\" itemtype=\"https:\/\/schema.org\/Blog\" ><div class=\"avia-content-slider-inner\"><div class=\"slide-entry-wrap\"><article class='slide-entry flex_column  post-entry post-entry-47554 slide-entry-overview slide-loop-1 slide-parity-odd  av_one_third first real-thumbnail post-format-standard'  itemscope=\"itemscope\" itemtype=\"https:\/\/schema.org\/CreativeWork\" ><a href='http:\/\/caballitotequiero.com.ar\/portal\/2026\/04\/21\/cumplio-50-anos-la-junta-de-estudios-historicos-del-caballito\/' data-rel='slide-1' class='slide-image' title='CUMPLI\u00d3 50 A\u00d1OS LA JUNTA DE ESTUDIOS HIST\u00d3RICOS DEL CABALLITO'><img decoding=\"async\" width=\"495\" height=\"400\" src=\"http:\/\/caballitotequiero.com.ar\/portal\/wp-content\/uploads\/2026\/04\/junta-50-anos-495x400.jpg\" class=\"wp-image-47555 avia-img-lazy-loading-not-47555 attachment-portfolio size-portfolio wp-post-image\" alt=\"\" \/><\/a><div class=\"slide-content\"><header class=\"entry-content-header\"><h3 class='slide-entry-title entry-title '  itemprop=\"headline\" ><a href='http:\/\/caballitotequiero.com.ar\/portal\/2026\/04\/21\/cumplio-50-anos-la-junta-de-estudios-historicos-del-caballito\/' title='CUMPLI\u00d3 50 A\u00d1OS LA JUNTA DE ESTUDIOS HIST\u00d3RICOS DEL CABALLITO'>CUMPLI\u00d3 50 A\u00d1OS LA JUNTA DE ESTUDIOS HIST\u00d3RICOS DEL CABALLITO<\/a><\/h3><span class=\"av-vertical-delimiter\"><\/span><\/header><div class=\"slide-meta\"><time class='slide-meta-time updated'  itemprop=\"datePublished\" datetime=\"2026-04-21T09:18:58-03:00\" >21\/04\/2026<\/time><\/div><div class='slide-entry-excerpt entry-content'  itemprop=\"text\" >El martes 21 de abril la Junta de Estudios Hist\u00f3ricos del Caballito\u2026<div class=\"read-more-link\"><a href=\"http:\/\/caballitotequiero.com.ar\/portal\/2026\/04\/21\/cumplio-50-anos-la-junta-de-estudios-historicos-del-caballito\/\" class=\"more-link\">Leer m\u00e1s<span class=\"more-link-arrow\"><\/span><\/a><\/div><\/div><\/div><footer class=\"entry-footer\"><\/footer><span class='hidden'>\n\t\t\t\t<span class='av-structured-data'  itemprop=\"image\" itemscope=\"itemscope\" itemtype=\"https:\/\/schema.org\/ImageObject\" >\n\t\t\t\t\t\t<span itemprop='url'>http:\/\/caballitotequiero.com.ar\/portal\/wp-content\/uploads\/2026\/04\/junta-50-anos.jpg<\/span>\n\t\t\t\t\t\t<span itemprop='height'>499<\/span>\n\t\t\t\t\t\t<span itemprop='width'>699<\/span>\n\t\t\t\t<\/span>\n\t\t\t\t<span class='av-structured-data'  itemprop=\"publisher\" itemtype=\"https:\/\/schema.org\/Organization\" itemscope=\"itemscope\" >\n\t\t\t\t\t\t<span itemprop='name'>revistahorizonte<\/span>\n\t\t\t\t\t\t<span itemprop='logo' itemscope itemtype='https:\/\/schema.org\/ImageObject'>\n\t\t\t\t\t\t\t<span itemprop='url'>http:\/\/caballitotequiero.com.ar\/portal\/wp-content\/uploads\/2016\/05\/cabtq_logo.png<\/span>\n\t\t\t\t\t\t<\/span>\n\t\t\t\t<\/span><span class='av-structured-data'  itemprop=\"author\" itemscope=\"itemscope\" itemtype=\"https:\/\/schema.org\/Person\" ><span itemprop='name'>revistahorizonte<\/span><\/span><span class='av-structured-data'  itemprop=\"datePublished\" datetime=\"2016-04-21T16:09:39-03:00\" >2026-04-21 09:18:58<\/span><span class='av-structured-data'  itemprop=\"dateModified\" itemtype=\"https:\/\/schema.org\/dateModified\" >2026-04-22 16:49:59<\/span><span class='av-structured-data'  itemprop=\"mainEntityOfPage\" itemtype=\"https:\/\/schema.org\/mainEntityOfPage\" ><span itemprop='name'>CUMPLI\u00d3 50 A\u00d1OS LA JUNTA DE ESTUDIOS HIST\u00d3RICOS DEL CABALLITO<\/span><\/span><\/span><\/article><article class='slide-entry flex_column  post-entry post-entry-47551 slide-entry-overview slide-loop-2 slide-parity-even  av_one_third  real-thumbnail post-format-standard'  itemscope=\"itemscope\" itemtype=\"https:\/\/schema.org\/CreativeWork\" ><a href='http:\/\/caballitotequiero.com.ar\/portal\/2026\/04\/15\/teatro-ciencia-y-aventura-en-el-museo-de-ciencias-naturales\/' data-rel='slide-1' class='slide-image' title='TEATRO, CIENCIA Y AVENTURA EN EL MUSEO DE CIENCIAS NATURALES'><img decoding=\"async\" width=\"495\" height=\"400\" src=\"http:\/\/caballitotequiero.com.ar\/portal\/wp-content\/uploads\/2026\/04\/museo-ciencias-ballenas-495x400.jpg\" class=\"wp-image-47552 avia-img-lazy-loading-not-47552 attachment-portfolio size-portfolio wp-post-image\" alt=\"\" \/><\/a><div class=\"slide-content\"><header class=\"entry-content-header\"><h3 class='slide-entry-title entry-title '  itemprop=\"headline\" ><a href='http:\/\/caballitotequiero.com.ar\/portal\/2026\/04\/15\/teatro-ciencia-y-aventura-en-el-museo-de-ciencias-naturales\/' title='TEATRO, CIENCIA Y AVENTURA EN EL MUSEO DE CIENCIAS NATURALES'>TEATRO, CIENCIA Y AVENTURA EN EL MUSEO DE CIENCIAS NATURALES<\/a><\/h3><span class=\"av-vertical-delimiter\"><\/span><\/header><div class=\"slide-meta\"><time class='slide-meta-time updated'  itemprop=\"datePublished\" datetime=\"2026-04-15T09:49:56-03:00\" >15\/04\/2026<\/time><\/div><div class='slide-entry-excerpt entry-content'  itemprop=\"text\" >El Museo Argentino de Ciencias Naturales\u00a0 invita a sumergirte\u2026<div class=\"read-more-link\"><a href=\"http:\/\/caballitotequiero.com.ar\/portal\/2026\/04\/15\/teatro-ciencia-y-aventura-en-el-museo-de-ciencias-naturales\/\" class=\"more-link\">Leer m\u00e1s<span class=\"more-link-arrow\"><\/span><\/a><\/div><\/div><\/div><footer class=\"entry-footer\"><\/footer><span class='hidden'>\n\t\t\t\t<span class='av-structured-data'  itemprop=\"image\" itemscope=\"itemscope\" itemtype=\"https:\/\/schema.org\/ImageObject\" >\n\t\t\t\t\t\t<span itemprop='url'>http:\/\/caballitotequiero.com.ar\/portal\/wp-content\/uploads\/2026\/04\/museo-ciencias-ballenas.jpg<\/span>\n\t\t\t\t\t\t<span itemprop='height'>700<\/span>\n\t\t\t\t\t\t<span itemprop='width'>700<\/span>\n\t\t\t\t<\/span>\n\t\t\t\t<span class='av-structured-data'  itemprop=\"publisher\" itemtype=\"https:\/\/schema.org\/Organization\" itemscope=\"itemscope\" >\n\t\t\t\t\t\t<span itemprop='name'>revistahorizonte<\/span>\n\t\t\t\t\t\t<span itemprop='logo' itemscope itemtype='https:\/\/schema.org\/ImageObject'>\n\t\t\t\t\t\t\t<span itemprop='url'>http:\/\/caballitotequiero.com.ar\/portal\/wp-content\/uploads\/2016\/05\/cabtq_logo.png<\/span>\n\t\t\t\t\t\t<\/span>\n\t\t\t\t<\/span><span class='av-structured-data'  itemprop=\"author\" itemscope=\"itemscope\" itemtype=\"https:\/\/schema.org\/Person\" ><span itemprop='name'>revistahorizonte<\/span><\/span><span class='av-structured-data'  itemprop=\"datePublished\" datetime=\"2016-04-21T16:09:39-03:00\" >2026-04-15 09:49:56<\/span><span class='av-structured-data'  itemprop=\"dateModified\" itemtype=\"https:\/\/schema.org\/dateModified\" >2026-04-18 09:55:07<\/span><span class='av-structured-data'  itemprop=\"mainEntityOfPage\" itemtype=\"https:\/\/schema.org\/mainEntityOfPage\" ><span itemprop='name'>TEATRO, CIENCIA Y AVENTURA EN EL MUSEO DE CIENCIAS NATURALES<\/span><\/span><\/span><\/article><article class='slide-entry flex_column  post-entry post-entry-47547 slide-entry-overview slide-loop-3 slide-parity-odd  av_one_third  real-thumbnail post-format-standard'  itemscope=\"itemscope\" itemtype=\"https:\/\/schema.org\/CreativeWork\" ><a href='http:\/\/caballitotequiero.com.ar\/portal\/2026\/04\/08\/en-abril-de-1943-nacia-la-feria-de-numismatica-y-filatelia-del-parque-rivadavia\/' data-rel='slide-1' class='slide-image' title='EN ABRIL DE 1943 NAC\u00cdA LA FERIA DE NUMISM\u00c1TICA Y FILATELIA DEL PARQUE RIVADAVIA'><img decoding=\"async\" width=\"495\" height=\"400\" src=\"http:\/\/caballitotequiero.com.ar\/portal\/wp-content\/uploads\/2026\/04\/feria-filatelia-495x400.jpg\" class=\"wp-image-47548 avia-img-lazy-loading-not-47548 attachment-portfolio size-portfolio wp-post-image\" alt=\"\" \/><\/a><div class=\"slide-content\"><header class=\"entry-content-header\"><h3 class='slide-entry-title entry-title '  itemprop=\"headline\" ><a href='http:\/\/caballitotequiero.com.ar\/portal\/2026\/04\/08\/en-abril-de-1943-nacia-la-feria-de-numismatica-y-filatelia-del-parque-rivadavia\/' title='EN ABRIL DE 1943 NAC\u00cdA LA FERIA DE NUMISM\u00c1TICA Y FILATELIA DEL PARQUE RIVADAVIA'>EN ABRIL DE 1943 NAC\u00cdA LA FERIA DE NUMISM\u00c1TICA Y FILATELIA DEL PARQUE RIVADAVIA<\/a><\/h3><span class=\"av-vertical-delimiter\"><\/span><\/header><div class=\"slide-meta\"><time class='slide-meta-time updated'  itemprop=\"datePublished\" datetime=\"2026-04-08T13:07:22-03:00\" >08\/04\/2026<\/time><\/div><div class='slide-entry-excerpt entry-content'  itemprop=\"text\" >El D\u00eda de la Numism\u00e1tica se celebra en nuestro pa\u00eds cada 13\u2026<div class=\"read-more-link\"><a href=\"http:\/\/caballitotequiero.com.ar\/portal\/2026\/04\/08\/en-abril-de-1943-nacia-la-feria-de-numismatica-y-filatelia-del-parque-rivadavia\/\" class=\"more-link\">Leer m\u00e1s<span class=\"more-link-arrow\"><\/span><\/a><\/div><\/div><\/div><footer class=\"entry-footer\"><\/footer><span class='hidden'>\n\t\t\t\t<span class='av-structured-data'  itemprop=\"image\" itemscope=\"itemscope\" itemtype=\"https:\/\/schema.org\/ImageObject\" >\n\t\t\t\t\t\t<span itemprop='url'>http:\/\/caballitotequiero.com.ar\/portal\/wp-content\/uploads\/2026\/04\/feria-filatelia.jpg<\/span>\n\t\t\t\t\t\t<span itemprop='height'>493<\/span>\n\t\t\t\t\t\t<span itemprop='width'>635<\/span>\n\t\t\t\t<\/span>\n\t\t\t\t<span class='av-structured-data'  itemprop=\"publisher\" itemtype=\"https:\/\/schema.org\/Organization\" itemscope=\"itemscope\" >\n\t\t\t\t\t\t<span itemprop='name'>revistahorizonte<\/span>\n\t\t\t\t\t\t<span itemprop='logo' itemscope itemtype='https:\/\/schema.org\/ImageObject'>\n\t\t\t\t\t\t\t<span itemprop='url'>http:\/\/caballitotequiero.com.ar\/portal\/wp-content\/uploads\/2016\/05\/cabtq_logo.png<\/span>\n\t\t\t\t\t\t<\/span>\n\t\t\t\t<\/span><span class='av-structured-data'  itemprop=\"author\" itemscope=\"itemscope\" itemtype=\"https:\/\/schema.org\/Person\" ><span itemprop='name'>revistahorizonte<\/span><\/span><span class='av-structured-data'  itemprop=\"datePublished\" datetime=\"2016-04-21T16:09:39-03:00\" >2026-04-08 13:07:22<\/span><span class='av-structured-data'  itemprop=\"dateModified\" itemtype=\"https:\/\/schema.org\/dateModified\" >2026-04-11 13:11:46<\/span><span class='av-structured-data'  itemprop=\"mainEntityOfPage\" itemtype=\"https:\/\/schema.org\/mainEntityOfPage\" ><span itemprop='name'>EN ABRIL DE 1943 NAC\u00cdA LA FERIA DE NUMISM\u00c1TICA Y FILATELIA DEL PARQUE RIVADAVIA<\/span><\/span><\/span><\/article><\/div><div class=\"slide-entry-wrap\"><article class='slide-entry flex_column  post-entry post-entry-47544 slide-entry-overview slide-loop-4 slide-parity-odd  av_one_third first real-thumbnail post-format-standard'  itemscope=\"itemscope\" itemtype=\"https:\/\/schema.org\/CreativeWork\" ><a href='http:\/\/caballitotequiero.com.ar\/portal\/2026\/04\/05\/antiguos-buzones-de-caballito\/' data-rel='slide-1' class='slide-image' title='ANTIGUOS BUZONES DE CABALLITO'><img decoding=\"async\" width=\"495\" height=\"400\" src=\"http:\/\/caballitotequiero.com.ar\/portal\/wp-content\/uploads\/2026\/04\/Buzones-de-Caballito-495x400.jpg\" class=\"wp-image-47545 avia-img-lazy-loading-not-47545 attachment-portfolio size-portfolio wp-post-image\" alt=\"\" \/><\/a><div class=\"slide-content\"><header class=\"entry-content-header\"><h3 class='slide-entry-title entry-title '  itemprop=\"headline\" ><a href='http:\/\/caballitotequiero.com.ar\/portal\/2026\/04\/05\/antiguos-buzones-de-caballito\/' title='ANTIGUOS BUZONES DE CABALLITO'>ANTIGUOS BUZONES DE CABALLITO<\/a><\/h3><span class=\"av-vertical-delimiter\"><\/span><\/header><div class=\"slide-meta\"><time class='slide-meta-time updated'  itemprop=\"datePublished\" datetime=\"2026-04-05T23:57:13-03:00\" >05\/04\/2026<\/time><\/div><div class='slide-entry-excerpt entry-content'  itemprop=\"text\" >El 15 de febrero de 1895 las autoridades del Correo establecieron\u2026<div class=\"read-more-link\"><a href=\"http:\/\/caballitotequiero.com.ar\/portal\/2026\/04\/05\/antiguos-buzones-de-caballito\/\" class=\"more-link\">Leer m\u00e1s<span class=\"more-link-arrow\"><\/span><\/a><\/div><\/div><\/div><footer class=\"entry-footer\"><\/footer><span class='hidden'>\n\t\t\t\t<span class='av-structured-data'  itemprop=\"image\" itemscope=\"itemscope\" itemtype=\"https:\/\/schema.org\/ImageObject\" >\n\t\t\t\t\t\t<span itemprop='url'>http:\/\/caballitotequiero.com.ar\/portal\/wp-content\/uploads\/2026\/04\/Buzones-de-Caballito.jpg<\/span>\n\t\t\t\t\t\t<span itemprop='height'>712<\/span>\n\t\t\t\t\t\t<span itemprop='width'>500<\/span>\n\t\t\t\t<\/span>\n\t\t\t\t<span class='av-structured-data'  itemprop=\"publisher\" itemtype=\"https:\/\/schema.org\/Organization\" itemscope=\"itemscope\" >\n\t\t\t\t\t\t<span itemprop='name'>revistahorizonte<\/span>\n\t\t\t\t\t\t<span itemprop='logo' itemscope itemtype='https:\/\/schema.org\/ImageObject'>\n\t\t\t\t\t\t\t<span itemprop='url'>http:\/\/caballitotequiero.com.ar\/portal\/wp-content\/uploads\/2016\/05\/cabtq_logo.png<\/span>\n\t\t\t\t\t\t<\/span>\n\t\t\t\t<\/span><span class='av-structured-data'  itemprop=\"author\" itemscope=\"itemscope\" itemtype=\"https:\/\/schema.org\/Person\" ><span itemprop='name'>revistahorizonte<\/span><\/span><span class='av-structured-data'  itemprop=\"datePublished\" datetime=\"2016-04-21T16:09:39-03:00\" >2026-04-05 23:57:13<\/span><span class='av-structured-data'  itemprop=\"dateModified\" itemtype=\"https:\/\/schema.org\/dateModified\" >2026-04-11 10:22:32<\/span><span class='av-structured-data'  itemprop=\"mainEntityOfPage\" itemtype=\"https:\/\/schema.org\/mainEntityOfPage\" ><span itemprop='name'>ANTIGUOS BUZONES DE CABALLITO<\/span><\/span><\/span><\/article><article class='slide-entry flex_column  post-entry post-entry-47539 slide-entry-overview slide-loop-5 slide-parity-even  av_one_third  real-thumbnail post-format-standard'  itemscope=\"itemscope\" itemtype=\"https:\/\/schema.org\/CreativeWork\" ><a href='http:\/\/caballitotequiero.com.ar\/portal\/2026\/04\/02\/la-biblioteca-alvear-invita-a-una-nueva-proyeccion-de-cine\/' data-rel='slide-1' class='slide-image' title='LA BIBLIOTECA ALVEAR INVITA A UNA NUEVA PROYECCI\u00d3N DE CINE'><img decoding=\"async\" width=\"495\" height=\"400\" src=\"http:\/\/caballitotequiero.com.ar\/portal\/wp-content\/uploads\/2026\/04\/pelicula-alvear-495x400.jpg\" class=\"wp-image-47540 avia-img-lazy-loading-not-47540 attachment-portfolio size-portfolio wp-post-image\" alt=\"\" \/><\/a><div class=\"slide-content\"><header class=\"entry-content-header\"><h3 class='slide-entry-title entry-title '  itemprop=\"headline\" ><a href='http:\/\/caballitotequiero.com.ar\/portal\/2026\/04\/02\/la-biblioteca-alvear-invita-a-una-nueva-proyeccion-de-cine\/' title='LA BIBLIOTECA ALVEAR INVITA A UNA NUEVA PROYECCI\u00d3N DE CINE'>LA BIBLIOTECA ALVEAR INVITA A UNA NUEVA PROYECCI\u00d3N DE CINE<\/a><\/h3><span class=\"av-vertical-delimiter\"><\/span><\/header><div class=\"slide-meta\"><time class='slide-meta-time updated'  itemprop=\"datePublished\" datetime=\"2026-04-02T22:26:31-03:00\" >02\/04\/2026<\/time><\/div><div class='slide-entry-excerpt entry-content'  itemprop=\"text\" >La Asociaci\u00f3n de Fomento y Biblioteca Popular General Alvear,\u2026<div class=\"read-more-link\"><a href=\"http:\/\/caballitotequiero.com.ar\/portal\/2026\/04\/02\/la-biblioteca-alvear-invita-a-una-nueva-proyeccion-de-cine\/\" class=\"more-link\">Leer m\u00e1s<span class=\"more-link-arrow\"><\/span><\/a><\/div><\/div><\/div><footer class=\"entry-footer\"><\/footer><span class='hidden'>\n\t\t\t\t<span class='av-structured-data'  itemprop=\"image\" itemscope=\"itemscope\" itemtype=\"https:\/\/schema.org\/ImageObject\" >\n\t\t\t\t\t\t<span itemprop='url'>http:\/\/caballitotequiero.com.ar\/portal\/wp-content\/uploads\/2026\/04\/pelicula-alvear.jpg<\/span>\n\t\t\t\t\t\t<span itemprop='height'>713<\/span>\n\t\t\t\t\t\t<span itemprop='width'>500<\/span>\n\t\t\t\t<\/span>\n\t\t\t\t<span class='av-structured-data'  itemprop=\"publisher\" itemtype=\"https:\/\/schema.org\/Organization\" itemscope=\"itemscope\" >\n\t\t\t\t\t\t<span itemprop='name'>revistahorizonte<\/span>\n\t\t\t\t\t\t<span itemprop='logo' itemscope itemtype='https:\/\/schema.org\/ImageObject'>\n\t\t\t\t\t\t\t<span itemprop='url'>http:\/\/caballitotequiero.com.ar\/portal\/wp-content\/uploads\/2016\/05\/cabtq_logo.png<\/span>\n\t\t\t\t\t\t<\/span>\n\t\t\t\t<\/span><span class='av-structured-data'  itemprop=\"author\" itemscope=\"itemscope\" itemtype=\"https:\/\/schema.org\/Person\" ><span itemprop='name'>revistahorizonte<\/span><\/span><span class='av-structured-data'  itemprop=\"datePublished\" datetime=\"2016-04-21T16:09:39-03:00\" >2026-04-02 22:26:31<\/span><span class='av-structured-data'  itemprop=\"dateModified\" itemtype=\"https:\/\/schema.org\/dateModified\" >2026-04-06 22:34:29<\/span><span class='av-structured-data'  itemprop=\"mainEntityOfPage\" itemtype=\"https:\/\/schema.org\/mainEntityOfPage\" ><span itemprop='name'>LA BIBLIOTECA ALVEAR INVITA A UNA NUEVA PROYECCI\u00d3N DE CINE<\/span><\/span><\/span><\/article><article class='slide-entry flex_column  post-entry post-entry-47533 slide-entry-overview slide-loop-6 slide-parity-odd  av_one_third  real-thumbnail post-format-standard'  itemscope=\"itemscope\" itemtype=\"https:\/\/schema.org\/CreativeWork\" ><a href='http:\/\/caballitotequiero.com.ar\/portal\/2026\/03\/28\/propuestas-para-pascua-en-plaza-irlanda\/' data-rel='slide-1' class='slide-image' title='PROPUESTAS PARA PASCUA EN PLAZA IRLANDA'><img decoding=\"async\" width=\"495\" height=\"400\" src=\"http:\/\/caballitotequiero.com.ar\/portal\/wp-content\/uploads\/2026\/03\/Pascua-en-las-plazas-495x400.jpg\" class=\"wp-image-47534 avia-img-lazy-loading-not-47534 attachment-portfolio size-portfolio wp-post-image\" alt=\"\" \/><\/a><div class=\"slide-content\"><header class=\"entry-content-header\"><h3 class='slide-entry-title entry-title '  itemprop=\"headline\" ><a href='http:\/\/caballitotequiero.com.ar\/portal\/2026\/03\/28\/propuestas-para-pascua-en-plaza-irlanda\/' title='PROPUESTAS PARA PASCUA EN PLAZA IRLANDA'>PROPUESTAS PARA PASCUA EN PLAZA IRLANDA<\/a><\/h3><span class=\"av-vertical-delimiter\"><\/span><\/header><div class=\"slide-meta\"><time class='slide-meta-time updated'  itemprop=\"datePublished\" datetime=\"2026-03-28T17:26:53-03:00\" >28\/03\/2026<\/time><\/div><div class='slide-entry-excerpt entry-content'  itemprop=\"text\" >\r\n\r\n\r\n\r\n\r\nDurante estas Pascuas, la Ciudad lleva la celebraci\u00f3n\u2026<div class=\"read-more-link\"><a href=\"http:\/\/caballitotequiero.com.ar\/portal\/2026\/03\/28\/propuestas-para-pascua-en-plaza-irlanda\/\" class=\"more-link\">Leer m\u00e1s<span class=\"more-link-arrow\"><\/span><\/a><\/div><\/div><\/div><footer class=\"entry-footer\"><\/footer><span class='hidden'>\n\t\t\t\t<span class='av-structured-data'  itemprop=\"image\" itemscope=\"itemscope\" itemtype=\"https:\/\/schema.org\/ImageObject\" >\n\t\t\t\t\t\t<span itemprop='url'>http:\/\/caballitotequiero.com.ar\/portal\/wp-content\/uploads\/2026\/03\/Pascua-en-las-plazas.jpg<\/span>\n\t\t\t\t\t\t<span itemprop='height'>467<\/span>\n\t\t\t\t\t\t<span itemprop='width'>700<\/span>\n\t\t\t\t<\/span>\n\t\t\t\t<span class='av-structured-data'  itemprop=\"publisher\" itemtype=\"https:\/\/schema.org\/Organization\" itemscope=\"itemscope\" >\n\t\t\t\t\t\t<span itemprop='name'>revistahorizonte<\/span>\n\t\t\t\t\t\t<span itemprop='logo' itemscope itemtype='https:\/\/schema.org\/ImageObject'>\n\t\t\t\t\t\t\t<span itemprop='url'>http:\/\/caballitotequiero.com.ar\/portal\/wp-content\/uploads\/2016\/05\/cabtq_logo.png<\/span>\n\t\t\t\t\t\t<\/span>\n\t\t\t\t<\/span><span class='av-structured-data'  itemprop=\"author\" itemscope=\"itemscope\" itemtype=\"https:\/\/schema.org\/Person\" ><span itemprop='name'>revistahorizonte<\/span><\/span><span class='av-structured-data'  itemprop=\"datePublished\" datetime=\"2016-04-21T16:09:39-03:00\" >2026-03-28 17:26:53<\/span><span class='av-structured-data'  itemprop=\"dateModified\" itemtype=\"https:\/\/schema.org\/dateModified\" >2026-03-28 17:26:53<\/span><span class='av-structured-data'  itemprop=\"mainEntityOfPage\" itemtype=\"https:\/\/schema.org\/mainEntityOfPage\" ><span itemprop='name'>PROPUESTAS PARA PASCUA EN PLAZA IRLANDA<\/span><\/span><\/span><\/article><\/div><div class=\"slide-entry-wrap\"><article class='slide-entry flex_column  post-entry post-entry-47530 slide-entry-overview slide-loop-7 slide-parity-odd  av_one_third first real-thumbnail post-format-standard'  itemscope=\"itemscope\" itemtype=\"https:\/\/schema.org\/CreativeWork\" ><a href='http:\/\/caballitotequiero.com.ar\/portal\/2026\/03\/27\/actividad-en-el-laboratorio-patrimonial-centenera\/' data-rel='slide-1' class='slide-image' title='ACTIVIDAD EN EL LABORATORIO PATRIMONIAL CENTENERA'><img decoding=\"async\" width=\"495\" height=\"400\" src=\"http:\/\/caballitotequiero.com.ar\/portal\/wp-content\/uploads\/2026\/03\/Museo-Subte-495x400.jpg\" class=\"wp-image-47531 avia-img-lazy-loading-not-47531 attachment-portfolio size-portfolio wp-post-image\" alt=\"\" \/><\/a><div class=\"slide-content\"><header class=\"entry-content-header\"><h3 class='slide-entry-title entry-title '  itemprop=\"headline\" ><a href='http:\/\/caballitotequiero.com.ar\/portal\/2026\/03\/27\/actividad-en-el-laboratorio-patrimonial-centenera\/' title='ACTIVIDAD EN EL LABORATORIO PATRIMONIAL CENTENERA'>ACTIVIDAD EN EL LABORATORIO PATRIMONIAL CENTENERA<\/a><\/h3><span class=\"av-vertical-delimiter\"><\/span><\/header><div class=\"slide-meta\"><time class='slide-meta-time updated'  itemprop=\"datePublished\" datetime=\"2026-03-27T16:51:25-03:00\" >27\/03\/2026<\/time><\/div><div class='slide-entry-excerpt entry-content'  itemprop=\"text\" >Subterr\u00e1neos de Buenos Aires reabrir\u00e1 este s\u00e1bado 28 el Museo\u2026<div class=\"read-more-link\"><a href=\"http:\/\/caballitotequiero.com.ar\/portal\/2026\/03\/27\/actividad-en-el-laboratorio-patrimonial-centenera\/\" class=\"more-link\">Leer m\u00e1s<span class=\"more-link-arrow\"><\/span><\/a><\/div><\/div><\/div><footer class=\"entry-footer\"><\/footer><span class='hidden'>\n\t\t\t\t<span class='av-structured-data'  itemprop=\"image\" itemscope=\"itemscope\" itemtype=\"https:\/\/schema.org\/ImageObject\" >\n\t\t\t\t\t\t<span itemprop='url'>http:\/\/caballitotequiero.com.ar\/portal\/wp-content\/uploads\/2026\/03\/Museo-Subte.jpg<\/span>\n\t\t\t\t\t\t<span itemprop='height'>493<\/span>\n\t\t\t\t\t\t<span itemprop='width'>700<\/span>\n\t\t\t\t<\/span>\n\t\t\t\t<span class='av-structured-data'  itemprop=\"publisher\" itemtype=\"https:\/\/schema.org\/Organization\" itemscope=\"itemscope\" >\n\t\t\t\t\t\t<span itemprop='name'>revistahorizonte<\/span>\n\t\t\t\t\t\t<span itemprop='logo' itemscope itemtype='https:\/\/schema.org\/ImageObject'>\n\t\t\t\t\t\t\t<span itemprop='url'>http:\/\/caballitotequiero.com.ar\/portal\/wp-content\/uploads\/2016\/05\/cabtq_logo.png<\/span>\n\t\t\t\t\t\t<\/span>\n\t\t\t\t<\/span><span class='av-structured-data'  itemprop=\"author\" itemscope=\"itemscope\" itemtype=\"https:\/\/schema.org\/Person\" ><span itemprop='name'>revistahorizonte<\/span><\/span><span class='av-structured-data'  itemprop=\"datePublished\" datetime=\"2016-04-21T16:09:39-03:00\" >2026-03-27 16:51:25<\/span><span class='av-structured-data'  itemprop=\"dateModified\" itemtype=\"https:\/\/schema.org\/dateModified\" >2026-03-28 17:20:36<\/span><span class='av-structured-data'  itemprop=\"mainEntityOfPage\" itemtype=\"https:\/\/schema.org\/mainEntityOfPage\" ><span itemprop='name'>ACTIVIDAD EN EL LABORATORIO PATRIMONIAL CENTENERA<\/span><\/span><\/span><\/article><article class='slide-entry flex_column  post-entry post-entry-47526 slide-entry-overview slide-loop-8 slide-parity-even  av_one_third  real-thumbnail post-format-standard'  itemscope=\"itemscope\" itemtype=\"https:\/\/schema.org\/CreativeWork\" ><a href='http:\/\/caballitotequiero.com.ar\/portal\/2026\/03\/18\/mujeres-de-caballito-charla-en-el-cafe-notable-el-greco\/' data-rel='slide-1' class='slide-image' title='MUJERES DE CABALLITO, CHARLA EN EL CAF\u00c9 NOTABLE EL GRECO'><img decoding=\"async\" width=\"495\" height=\"400\" src=\"http:\/\/caballitotequiero.com.ar\/portal\/wp-content\/uploads\/2026\/03\/mujeres-charla-1-495x400.jpg\" class=\"wp-image-47527 avia-img-lazy-loading-not-47527 attachment-portfolio size-portfolio wp-post-image\" alt=\"\" \/><\/a><div class=\"slide-content\"><header class=\"entry-content-header\"><h3 class='slide-entry-title entry-title '  itemprop=\"headline\" ><a href='http:\/\/caballitotequiero.com.ar\/portal\/2026\/03\/18\/mujeres-de-caballito-charla-en-el-cafe-notable-el-greco\/' title='MUJERES DE CABALLITO, CHARLA EN EL CAF\u00c9 NOTABLE EL GRECO'>MUJERES DE CABALLITO, CHARLA EN EL CAF\u00c9 NOTABLE EL GRECO<\/a><\/h3><span class=\"av-vertical-delimiter\"><\/span><\/header><div class=\"slide-meta\"><time class='slide-meta-time updated'  itemprop=\"datePublished\" datetime=\"2026-03-18T00:28:55-03:00\" >18\/03\/2026<\/time><\/div><div class='slide-entry-excerpt entry-content'  itemprop=\"text\" >El pr\u00f3ximo viernes 27 de marzo, a las 18 h, en el marco del\u2026<div class=\"read-more-link\"><a href=\"http:\/\/caballitotequiero.com.ar\/portal\/2026\/03\/18\/mujeres-de-caballito-charla-en-el-cafe-notable-el-greco\/\" class=\"more-link\">Leer m\u00e1s<span class=\"more-link-arrow\"><\/span><\/a><\/div><\/div><\/div><footer class=\"entry-footer\"><\/footer><span class='hidden'>\n\t\t\t\t<span class='av-structured-data'  itemprop=\"image\" itemscope=\"itemscope\" itemtype=\"https:\/\/schema.org\/ImageObject\" >\n\t\t\t\t\t\t<span itemprop='url'>http:\/\/caballitotequiero.com.ar\/portal\/wp-content\/uploads\/2026\/03\/mujeres-charla-1.jpg<\/span>\n\t\t\t\t\t\t<span itemprop='height'>1067<\/span>\n\t\t\t\t\t\t<span itemprop='width'>600<\/span>\n\t\t\t\t<\/span>\n\t\t\t\t<span class='av-structured-data'  itemprop=\"publisher\" itemtype=\"https:\/\/schema.org\/Organization\" itemscope=\"itemscope\" >\n\t\t\t\t\t\t<span itemprop='name'>revistahorizonte<\/span>\n\t\t\t\t\t\t<span itemprop='logo' itemscope itemtype='https:\/\/schema.org\/ImageObject'>\n\t\t\t\t\t\t\t<span itemprop='url'>http:\/\/caballitotequiero.com.ar\/portal\/wp-content\/uploads\/2016\/05\/cabtq_logo.png<\/span>\n\t\t\t\t\t\t<\/span>\n\t\t\t\t<\/span><span class='av-structured-data'  itemprop=\"author\" itemscope=\"itemscope\" itemtype=\"https:\/\/schema.org\/Person\" ><span itemprop='name'>revistahorizonte<\/span><\/span><span class='av-structured-data'  itemprop=\"datePublished\" datetime=\"2016-04-21T16:09:39-03:00\" >2026-03-18 00:28:55<\/span><span class='av-structured-data'  itemprop=\"dateModified\" itemtype=\"https:\/\/schema.org\/dateModified\" >2026-03-25 00:40:03<\/span><span class='av-structured-data'  itemprop=\"mainEntityOfPage\" itemtype=\"https:\/\/schema.org\/mainEntityOfPage\" ><span itemprop='name'>MUJERES DE CABALLITO, CHARLA EN EL CAF\u00c9 NOTABLE EL GRECO<\/span><\/span><\/span><\/article><article class='slide-entry flex_column  post-entry post-entry-47517 slide-entry-overview slide-loop-9 slide-parity-odd  av_one_third  real-thumbnail post-format-standard'  itemscope=\"itemscope\" itemtype=\"https:\/\/schema.org\/CreativeWork\" ><a href='http:\/\/caballitotequiero.com.ar\/portal\/2026\/03\/13\/cecilia-grierson-una-escuela-con-nombre-de-mujer\/' data-rel='slide-1' class='slide-image' title='CECILIA GRIERSON, UNA ESCUELA CON NOMBRE DE MUJER'><img decoding=\"async\" width=\"495\" height=\"318\" src=\"http:\/\/caballitotequiero.com.ar\/portal\/wp-content\/uploads\/2026\/03\/Escuela-Cecilia-Grirson-495x318.jpg\" class=\"wp-image-47518 avia-img-lazy-loading-not-47518 attachment-portfolio size-portfolio wp-post-image\" alt=\"\" \/><\/a><div class=\"slide-content\"><header class=\"entry-content-header\"><h3 class='slide-entry-title entry-title '  itemprop=\"headline\" ><a href='http:\/\/caballitotequiero.com.ar\/portal\/2026\/03\/13\/cecilia-grierson-una-escuela-con-nombre-de-mujer\/' title='CECILIA GRIERSON, UNA ESCUELA CON NOMBRE DE MUJER'>CECILIA GRIERSON, UNA ESCUELA CON NOMBRE DE MUJER<\/a><\/h3><span class=\"av-vertical-delimiter\"><\/span><\/header><div class=\"slide-meta\"><time class='slide-meta-time updated'  itemprop=\"datePublished\" datetime=\"2026-03-13T12:17:45-03:00\" >13\/03\/2026<\/time><\/div><div class='slide-entry-excerpt entry-content'  itemprop=\"text\" >La Escuela Superior de Enfermer\u00eda Cecilia Grierson est\u00e1 ubicada\u2026<div class=\"read-more-link\"><a href=\"http:\/\/caballitotequiero.com.ar\/portal\/2026\/03\/13\/cecilia-grierson-una-escuela-con-nombre-de-mujer\/\" class=\"more-link\">Leer m\u00e1s<span class=\"more-link-arrow\"><\/span><\/a><\/div><\/div><\/div><footer class=\"entry-footer\"><\/footer><span class='hidden'>\n\t\t\t\t<span class='av-structured-data'  itemprop=\"image\" itemscope=\"itemscope\" itemtype=\"https:\/\/schema.org\/ImageObject\" >\n\t\t\t\t\t\t<span itemprop='url'>http:\/\/caballitotequiero.com.ar\/portal\/wp-content\/uploads\/2026\/03\/Escuela-Cecilia-Grirson.jpg<\/span>\n\t\t\t\t\t\t<span itemprop='height'>318<\/span>\n\t\t\t\t\t\t<span itemprop='width'>600<\/span>\n\t\t\t\t<\/span>\n\t\t\t\t<span class='av-structured-data'  itemprop=\"publisher\" itemtype=\"https:\/\/schema.org\/Organization\" itemscope=\"itemscope\" >\n\t\t\t\t\t\t<span itemprop='name'>revistahorizonte<\/span>\n\t\t\t\t\t\t<span itemprop='logo' itemscope itemtype='https:\/\/schema.org\/ImageObject'>\n\t\t\t\t\t\t\t<span itemprop='url'>http:\/\/caballitotequiero.com.ar\/portal\/wp-content\/uploads\/2016\/05\/cabtq_logo.png<\/span>\n\t\t\t\t\t\t<\/span>\n\t\t\t\t<\/span><span class='av-structured-data'  itemprop=\"author\" itemscope=\"itemscope\" itemtype=\"https:\/\/schema.org\/Person\" ><span itemprop='name'>revistahorizonte<\/span><\/span><span class='av-structured-data'  itemprop=\"datePublished\" datetime=\"2016-04-21T16:09:39-03:00\" >2026-03-13 12:17:45<\/span><span class='av-structured-data'  itemprop=\"dateModified\" itemtype=\"https:\/\/schema.org\/dateModified\" >2026-03-14 13:31:48<\/span><span class='av-structured-data'  itemprop=\"mainEntityOfPage\" itemtype=\"https:\/\/schema.org\/mainEntityOfPage\" ><span itemprop='name'>CECILIA GRIERSON, UNA ESCUELA CON NOMBRE DE MUJER<\/span><\/span><\/span><\/article><\/div><div class=\"slide-entry-wrap\"><article class='slide-entry flex_column  post-entry post-entry-47514 slide-entry-overview slide-loop-10 slide-parity-odd  av_one_third first real-thumbnail post-format-standard'  itemscope=\"itemscope\" itemtype=\"https:\/\/schema.org\/CreativeWork\" ><a href='http:\/\/caballitotequiero.com.ar\/portal\/2026\/03\/11\/maria-curie-un-hospital-con-nombre-de-mujer\/' data-rel='slide-1' class='slide-image' title='MARIA CURIE, UN HOSPITAL CON NOMBRE DE MUJER'><img decoding=\"async\" width=\"495\" height=\"400\" src=\"http:\/\/caballitotequiero.com.ar\/portal\/wp-content\/uploads\/2026\/03\/Hospital-Maria-Curie-495x400.jpg\" class=\"wp-image-47515 avia-img-lazy-loading-not-47515 attachment-portfolio size-portfolio wp-post-image\" alt=\"\" \/><\/a><div class=\"slide-content\"><header class=\"entry-content-header\"><h3 class='slide-entry-title entry-title '  itemprop=\"headline\" ><a href='http:\/\/caballitotequiero.com.ar\/portal\/2026\/03\/11\/maria-curie-un-hospital-con-nombre-de-mujer\/' title='MARIA CURIE, UN HOSPITAL CON NOMBRE DE MUJER'>MARIA CURIE, UN HOSPITAL CON NOMBRE DE MUJER<\/a><\/h3><span class=\"av-vertical-delimiter\"><\/span><\/header><div class=\"slide-meta\"><time class='slide-meta-time updated'  itemprop=\"datePublished\" datetime=\"2026-03-11T11:00:20-03:00\" >11\/03\/2026<\/time><\/div><div class='slide-entry-excerpt entry-content'  itemprop=\"text\" >En el Mes de la Mujer abordamos la historia del El Hospital de\u2026<div class=\"read-more-link\"><a href=\"http:\/\/caballitotequiero.com.ar\/portal\/2026\/03\/11\/maria-curie-un-hospital-con-nombre-de-mujer\/\" class=\"more-link\">Leer m\u00e1s<span class=\"more-link-arrow\"><\/span><\/a><\/div><\/div><\/div><footer class=\"entry-footer\"><\/footer><span class='hidden'>\n\t\t\t\t<span class='av-structured-data'  itemprop=\"image\" itemscope=\"itemscope\" itemtype=\"https:\/\/schema.org\/ImageObject\" >\n\t\t\t\t\t\t<span itemprop='url'>http:\/\/caballitotequiero.com.ar\/portal\/wp-content\/uploads\/2026\/03\/Hospital-Maria-Curie.jpg<\/span>\n\t\t\t\t\t\t<span itemprop='height'>405<\/span>\n\t\t\t\t\t\t<span itemprop='width'>600<\/span>\n\t\t\t\t<\/span>\n\t\t\t\t<span class='av-structured-data'  itemprop=\"publisher\" itemtype=\"https:\/\/schema.org\/Organization\" itemscope=\"itemscope\" >\n\t\t\t\t\t\t<span itemprop='name'>revistahorizonte<\/span>\n\t\t\t\t\t\t<span itemprop='logo' itemscope itemtype='https:\/\/schema.org\/ImageObject'>\n\t\t\t\t\t\t\t<span itemprop='url'>http:\/\/caballitotequiero.com.ar\/portal\/wp-content\/uploads\/2016\/05\/cabtq_logo.png<\/span>\n\t\t\t\t\t\t<\/span>\n\t\t\t\t<\/span><span class='av-structured-data'  itemprop=\"author\" itemscope=\"itemscope\" itemtype=\"https:\/\/schema.org\/Person\" ><span itemprop='name'>revistahorizonte<\/span><\/span><span class='av-structured-data'  itemprop=\"datePublished\" datetime=\"2016-04-21T16:09:39-03:00\" >2026-03-11 11:00:20<\/span><span class='av-structured-data'  itemprop=\"dateModified\" itemtype=\"https:\/\/schema.org\/dateModified\" >2026-03-14 12:15:20<\/span><span class='av-structured-data'  itemprop=\"mainEntityOfPage\" itemtype=\"https:\/\/schema.org\/mainEntityOfPage\" ><span itemprop='name'>MARIA CURIE, UN HOSPITAL CON NOMBRE DE MUJER<\/span><\/span><\/span><\/article><article class='slide-entry flex_column  post-entry post-entry-47507 slide-entry-overview slide-loop-11 slide-parity-even  av_one_third  real-thumbnail post-format-standard'  itemscope=\"itemscope\" itemtype=\"https:\/\/schema.org\/CreativeWork\" ><a href='http:\/\/caballitotequiero.com.ar\/portal\/2026\/03\/09\/se-celebrara-el-dia-de-la-barra-de-la-esquina\/' data-rel='slide-1' class='slide-image' title='SE CELEBRAR\u00c1 EL D\u00cdA DE LA BARRA DE LA ESQUINA'><img decoding=\"async\" width=\"479\" height=\"372\" src=\"http:\/\/caballitotequiero.com.ar\/portal\/wp-content\/uploads\/2026\/03\/BARRA-DE-LA-ESQUINA-1.jpg\" class=\"wp-image-47508 avia-img-lazy-loading-not-47508 attachment-portfolio size-portfolio wp-post-image\" alt=\"\" srcset=\"http:\/\/caballitotequiero.com.ar\/portal\/wp-content\/uploads\/2026\/03\/BARRA-DE-LA-ESQUINA-1.jpg 479w, http:\/\/caballitotequiero.com.ar\/portal\/wp-content\/uploads\/2026\/03\/BARRA-DE-LA-ESQUINA-1-300x233.jpg 300w\" sizes=\"(max-width: 479px) 100vw, 479px\" \/><\/a><div class=\"slide-content\"><header class=\"entry-content-header\"><h3 class='slide-entry-title entry-title '  itemprop=\"headline\" ><a href='http:\/\/caballitotequiero.com.ar\/portal\/2026\/03\/09\/se-celebrara-el-dia-de-la-barra-de-la-esquina\/' title='SE CELEBRAR\u00c1 EL D\u00cdA DE LA BARRA DE LA ESQUINA'>SE CELEBRAR\u00c1 EL D\u00cdA DE LA BARRA DE LA ESQUINA<\/a><\/h3><span class=\"av-vertical-delimiter\"><\/span><\/header><div class=\"slide-meta\"><time class='slide-meta-time updated'  itemprop=\"datePublished\" datetime=\"2026-03-09T21:16:52-03:00\" >09\/03\/2026<\/time><\/div><div class='slide-entry-excerpt entry-content'  itemprop=\"text\" >El pr\u00f3ximo 12 de marzo se celebrar\u00e1 por primera vez el D\u00eda\u2026<div class=\"read-more-link\"><a href=\"http:\/\/caballitotequiero.com.ar\/portal\/2026\/03\/09\/se-celebrara-el-dia-de-la-barra-de-la-esquina\/\" class=\"more-link\">Leer m\u00e1s<span class=\"more-link-arrow\"><\/span><\/a><\/div><\/div><\/div><footer class=\"entry-footer\"><\/footer><span class='hidden'>\n\t\t\t\t<span class='av-structured-data'  itemprop=\"image\" itemscope=\"itemscope\" itemtype=\"https:\/\/schema.org\/ImageObject\" >\n\t\t\t\t\t\t<span itemprop='url'>http:\/\/caballitotequiero.com.ar\/portal\/wp-content\/uploads\/2026\/03\/BARRA-DE-LA-ESQUINA-1.jpg<\/span>\n\t\t\t\t\t\t<span itemprop='height'>372<\/span>\n\t\t\t\t\t\t<span itemprop='width'>479<\/span>\n\t\t\t\t<\/span>\n\t\t\t\t<span class='av-structured-data'  itemprop=\"publisher\" itemtype=\"https:\/\/schema.org\/Organization\" itemscope=\"itemscope\" >\n\t\t\t\t\t\t<span itemprop='name'>revistahorizonte<\/span>\n\t\t\t\t\t\t<span itemprop='logo' itemscope itemtype='https:\/\/schema.org\/ImageObject'>\n\t\t\t\t\t\t\t<span itemprop='url'>http:\/\/caballitotequiero.com.ar\/portal\/wp-content\/uploads\/2016\/05\/cabtq_logo.png<\/span>\n\t\t\t\t\t\t<\/span>\n\t\t\t\t<\/span><span class='av-structured-data'  itemprop=\"author\" itemscope=\"itemscope\" itemtype=\"https:\/\/schema.org\/Person\" ><span itemprop='name'>revistahorizonte<\/span><\/span><span class='av-structured-data'  itemprop=\"datePublished\" datetime=\"2016-04-21T16:09:39-03:00\" >2026-03-09 21:16:52<\/span><span class='av-structured-data'  itemprop=\"dateModified\" itemtype=\"https:\/\/schema.org\/dateModified\" >2026-03-10 21:36:35<\/span><span class='av-structured-data'  itemprop=\"mainEntityOfPage\" itemtype=\"https:\/\/schema.org\/mainEntityOfPage\" ><span itemprop='name'>SE CELEBRAR\u00c1 EL D\u00cdA DE LA BARRA DE LA ESQUINA<\/span><\/span><\/span><\/article><article class='slide-entry flex_column  post-entry post-entry-47512 slide-entry-overview slide-loop-12 slide-parity-odd  av_one_third  real-thumbnail post-format-standard'  itemscope=\"itemscope\" itemtype=\"https:\/\/schema.org\/CreativeWork\" ><a href='http:\/\/caballitotequiero.com.ar\/portal\/2026\/03\/07\/calles-de-caballito-con-nombres-de-mujeres-4\/' data-rel='slide-1' class='slide-image' title='CALLES DE CABALLITO CON NOMBRES DE MUJERES'><img decoding=\"async\" width=\"400\" height=\"375\" src=\"http:\/\/caballitotequiero.com.ar\/portal\/wp-content\/uploads\/2017\/03\/mujeres-juana-de-ibaorbouriou.jpg\" class=\"wp-image-23615 avia-img-lazy-loading-not-23615 attachment-portfolio size-portfolio wp-post-image\" alt=\"\" srcset=\"http:\/\/caballitotequiero.com.ar\/portal\/wp-content\/uploads\/2017\/03\/mujeres-juana-de-ibaorbouriou.jpg 400w, http:\/\/caballitotequiero.com.ar\/portal\/wp-content\/uploads\/2017\/03\/mujeres-juana-de-ibaorbouriou-300x281.jpg 300w\" sizes=\"(max-width: 400px) 100vw, 400px\" \/><\/a><div class=\"slide-content\"><header class=\"entry-content-header\"><h3 class='slide-entry-title entry-title '  itemprop=\"headline\" ><a href='http:\/\/caballitotequiero.com.ar\/portal\/2026\/03\/07\/calles-de-caballito-con-nombres-de-mujeres-4\/' title='CALLES DE CABALLITO CON NOMBRES DE MUJERES'>CALLES DE CABALLITO CON NOMBRES DE MUJERES<\/a><\/h3><span class=\"av-vertical-delimiter\"><\/span><\/header><div class=\"slide-meta\"><time class='slide-meta-time updated'  itemprop=\"datePublished\" datetime=\"2026-03-07T10:59:17-03:00\" >07\/03\/2026<\/time><\/div><div class='slide-entry-excerpt entry-content'  itemprop=\"text\" >En el mes que se recuerda el D\u00eda de la Mujer recorremos las\u2026<div class=\"read-more-link\"><a href=\"http:\/\/caballitotequiero.com.ar\/portal\/2026\/03\/07\/calles-de-caballito-con-nombres-de-mujeres-4\/\" class=\"more-link\">Leer m\u00e1s<span class=\"more-link-arrow\"><\/span><\/a><\/div><\/div><\/div><footer class=\"entry-footer\"><\/footer><span class='hidden'>\n\t\t\t\t<span class='av-structured-data'  itemprop=\"image\" itemscope=\"itemscope\" itemtype=\"https:\/\/schema.org\/ImageObject\" >\n\t\t\t\t\t\t<span itemprop='url'>http:\/\/caballitotequiero.com.ar\/portal\/wp-content\/uploads\/2017\/03\/mujeres-juana-de-ibaorbouriou.jpg<\/span>\n\t\t\t\t\t\t<span itemprop='height'>375<\/span>\n\t\t\t\t\t\t<span itemprop='width'>400<\/span>\n\t\t\t\t<\/span>\n\t\t\t\t<span class='av-structured-data'  itemprop=\"publisher\" itemtype=\"https:\/\/schema.org\/Organization\" itemscope=\"itemscope\" >\n\t\t\t\t\t\t<span itemprop='name'>revistahorizonte<\/span>\n\t\t\t\t\t\t<span itemprop='logo' itemscope itemtype='https:\/\/schema.org\/ImageObject'>\n\t\t\t\t\t\t\t<span itemprop='url'>http:\/\/caballitotequiero.com.ar\/portal\/wp-content\/uploads\/2016\/05\/cabtq_logo.png<\/span>\n\t\t\t\t\t\t<\/span>\n\t\t\t\t<\/span><span class='av-structured-data'  itemprop=\"author\" itemscope=\"itemscope\" itemtype=\"https:\/\/schema.org\/Person\" ><span itemprop='name'>revistahorizonte<\/span><\/span><span class='av-structured-data'  itemprop=\"datePublished\" datetime=\"2016-04-21T16:09:39-03:00\" >2026-03-07 10:59:17<\/span><span class='av-structured-data'  itemprop=\"dateModified\" itemtype=\"https:\/\/schema.org\/dateModified\" >2026-03-14 10:59:44<\/span><span class='av-structured-data'  itemprop=\"mainEntityOfPage\" itemtype=\"https:\/\/schema.org\/mainEntityOfPage\" ><span itemprop='name'>CALLES DE CABALLITO CON NOMBRES DE MUJERES<\/span><\/span><\/span><\/article><\/div><div class=\"slide-entry-wrap\"><article class='slide-entry flex_column  post-entry post-entry-47500 slide-entry-overview slide-loop-13 slide-parity-odd  av_one_third first real-thumbnail post-format-standard'  itemscope=\"itemscope\" itemtype=\"https:\/\/schema.org\/CreativeWork\" ><a href='http:\/\/caballitotequiero.com.ar\/portal\/2026\/02\/27\/trivia-caballitense\/' data-rel='slide-1' class='slide-image' title='TRIVIA CABALLITENSE'><img decoding=\"async\" width=\"495\" height=\"400\" src=\"http:\/\/caballitotequiero.com.ar\/portal\/wp-content\/uploads\/2026\/03\/Trivia-El-Greco-495x400.jpg\" class=\"wp-image-47501 avia-img-lazy-loading-not-47501 attachment-portfolio size-portfolio wp-post-image\" alt=\"\" \/><\/a><div class=\"slide-content\"><header class=\"entry-content-header\"><h3 class='slide-entry-title entry-title '  itemprop=\"headline\" ><a href='http:\/\/caballitotequiero.com.ar\/portal\/2026\/02\/27\/trivia-caballitense\/' title='TRIVIA CABALLITENSE'>TRIVIA CABALLITENSE<\/a><\/h3><span class=\"av-vertical-delimiter\"><\/span><\/header><div class=\"slide-meta\"><time class='slide-meta-time updated'  itemprop=\"datePublished\" datetime=\"2026-02-27T23:41:34-03:00\" >27\/02\/2026<\/time><\/div><div class='slide-entry-excerpt entry-content'  itemprop=\"text\" >El mi\u00e9rcoles 25 de febrero, poniendo fin a las actividades por\u2026<div class=\"read-more-link\"><a href=\"http:\/\/caballitotequiero.com.ar\/portal\/2026\/02\/27\/trivia-caballitense\/\" class=\"more-link\">Leer m\u00e1s<span class=\"more-link-arrow\"><\/span><\/a><\/div><\/div><\/div><footer class=\"entry-footer\"><\/footer><span class='hidden'>\n\t\t\t\t<span class='av-structured-data'  itemprop=\"image\" itemscope=\"itemscope\" itemtype=\"https:\/\/schema.org\/ImageObject\" >\n\t\t\t\t\t\t<span itemprop='url'>http:\/\/caballitotequiero.com.ar\/portal\/wp-content\/uploads\/2026\/03\/Trivia-El-Greco.jpg<\/span>\n\t\t\t\t\t\t<span itemprop='height'>499<\/span>\n\t\t\t\t\t\t<span itemprop='width'>700<\/span>\n\t\t\t\t<\/span>\n\t\t\t\t<span class='av-structured-data'  itemprop=\"publisher\" itemtype=\"https:\/\/schema.org\/Organization\" itemscope=\"itemscope\" >\n\t\t\t\t\t\t<span itemprop='name'>revistahorizonte<\/span>\n\t\t\t\t\t\t<span itemprop='logo' itemscope itemtype='https:\/\/schema.org\/ImageObject'>\n\t\t\t\t\t\t\t<span itemprop='url'>http:\/\/caballitotequiero.com.ar\/portal\/wp-content\/uploads\/2016\/05\/cabtq_logo.png<\/span>\n\t\t\t\t\t\t<\/span>\n\t\t\t\t<\/span><span class='av-structured-data'  itemprop=\"author\" itemscope=\"itemscope\" itemtype=\"https:\/\/schema.org\/Person\" ><span itemprop='name'>revistahorizonte<\/span><\/span><span class='av-structured-data'  itemprop=\"datePublished\" datetime=\"2016-04-21T16:09:39-03:00\" >2026-02-27 23:41:34<\/span><span class='av-structured-data'  itemprop=\"dateModified\" itemtype=\"https:\/\/schema.org\/dateModified\" >2026-03-02 23:51:25<\/span><span class='av-structured-data'  itemprop=\"mainEntityOfPage\" itemtype=\"https:\/\/schema.org\/mainEntityOfPage\" ><span itemprop='name'>TRIVIA CABALLITENSE<\/span><\/span><\/span><\/article><article class='slide-entry flex_column  post-entry post-entry-47497 slide-entry-overview slide-loop-14 slide-parity-even  av_one_third  real-thumbnail post-format-standard'  itemscope=\"itemscope\" itemtype=\"https:\/\/schema.org\/CreativeWork\" ><a href='http:\/\/caballitotequiero.com.ar\/portal\/2026\/02\/23\/visita-guiada-a-lo-largo-de-la-avenida-rivadavia\/' data-rel='slide-1' class='slide-image' title='VISITA GUIADA A LO LARGO DE LA AVENIDA RIVADAVIA'><img decoding=\"async\" width=\"495\" height=\"400\" src=\"http:\/\/caballitotequiero.com.ar\/portal\/wp-content\/uploads\/2026\/02\/VISITA-RIVADAVIA-495x400.jpg\" class=\"wp-image-47498 avia-img-lazy-loading-not-47498 attachment-portfolio size-portfolio wp-post-image\" alt=\"\" \/><\/a><div class=\"slide-content\"><header class=\"entry-content-header\"><h3 class='slide-entry-title entry-title '  itemprop=\"headline\" ><a href='http:\/\/caballitotequiero.com.ar\/portal\/2026\/02\/23\/visita-guiada-a-lo-largo-de-la-avenida-rivadavia\/' title='VISITA GUIADA A LO LARGO DE LA AVENIDA RIVADAVIA'>VISITA GUIADA A LO LARGO DE LA AVENIDA RIVADAVIA<\/a><\/h3><span class=\"av-vertical-delimiter\"><\/span><\/header><div class=\"slide-meta\"><time class='slide-meta-time updated'  itemprop=\"datePublished\" datetime=\"2026-02-23T16:33:36-03:00\" >23\/02\/2026<\/time><\/div><div class='slide-entry-excerpt entry-content'  itemprop=\"text\" >Continuando con los eventos por la Semana de Caballito, el domingo\u2026<div class=\"read-more-link\"><a href=\"http:\/\/caballitotequiero.com.ar\/portal\/2026\/02\/23\/visita-guiada-a-lo-largo-de-la-avenida-rivadavia\/\" class=\"more-link\">Leer m\u00e1s<span class=\"more-link-arrow\"><\/span><\/a><\/div><\/div><\/div><footer class=\"entry-footer\"><\/footer><span class='hidden'>\n\t\t\t\t<span class='av-structured-data'  itemprop=\"image\" itemscope=\"itemscope\" itemtype=\"https:\/\/schema.org\/ImageObject\" >\n\t\t\t\t\t\t<span itemprop='url'>http:\/\/caballitotequiero.com.ar\/portal\/wp-content\/uploads\/2026\/02\/VISITA-RIVADAVIA.jpg<\/span>\n\t\t\t\t\t\t<span itemprop='height'>525<\/span>\n\t\t\t\t\t\t<span itemprop='width'>700<\/span>\n\t\t\t\t<\/span>\n\t\t\t\t<span class='av-structured-data'  itemprop=\"publisher\" itemtype=\"https:\/\/schema.org\/Organization\" itemscope=\"itemscope\" >\n\t\t\t\t\t\t<span itemprop='name'>revistahorizonte<\/span>\n\t\t\t\t\t\t<span itemprop='logo' itemscope itemtype='https:\/\/schema.org\/ImageObject'>\n\t\t\t\t\t\t\t<span itemprop='url'>http:\/\/caballitotequiero.com.ar\/portal\/wp-content\/uploads\/2016\/05\/cabtq_logo.png<\/span>\n\t\t\t\t\t\t<\/span>\n\t\t\t\t<\/span><span class='av-structured-data'  itemprop=\"author\" itemscope=\"itemscope\" itemtype=\"https:\/\/schema.org\/Person\" ><span itemprop='name'>revistahorizonte<\/span><\/span><span class='av-structured-data'  itemprop=\"datePublished\" datetime=\"2016-04-21T16:09:39-03:00\" >2026-02-23 16:33:36<\/span><span class='av-structured-data'  itemprop=\"dateModified\" itemtype=\"https:\/\/schema.org\/dateModified\" >2026-02-25 16:39:33<\/span><span class='av-structured-data'  itemprop=\"mainEntityOfPage\" itemtype=\"https:\/\/schema.org\/mainEntityOfPage\" ><span itemprop='name'>VISITA GUIADA A LO LARGO DE LA AVENIDA RIVADAVIA<\/span><\/span><\/span><\/article><article class='slide-entry flex_column  post-entry post-entry-47485 slide-entry-overview slide-loop-15 slide-parity-odd  post-entry-last  av_one_third  real-thumbnail post-format-standard'  itemscope=\"itemscope\" itemtype=\"https:\/\/schema.org\/CreativeWork\" ><a href='http:\/\/caballitotequiero.com.ar\/portal\/2026\/02\/22\/47485\/' data-rel='slide-1' class='slide-image' title='BRILL\u00d3 EL CORO KENNEDY EN EL PARQUE RIVADAVIA EN LOS FESTEJOS DE LOS 205 A\u00d1OS DE CABALLITO'><img decoding=\"async\" width=\"495\" height=\"394\" src=\"http:\/\/caballitotequiero.com.ar\/portal\/wp-content\/uploads\/2026\/02\/coro-kennedy-parque-2-495x394.jpg\" class=\"wp-image-47487 avia-img-lazy-loading-not-47487 attachment-portfolio size-portfolio wp-post-image\" alt=\"\" \/><\/a><div class=\"slide-content\"><header class=\"entry-content-header\"><h3 class='slide-entry-title entry-title '  itemprop=\"headline\" ><a href='http:\/\/caballitotequiero.com.ar\/portal\/2026\/02\/22\/47485\/' title='BRILL\u00d3 EL CORO KENNEDY EN EL PARQUE RIVADAVIA EN LOS FESTEJOS DE LOS 205 A\u00d1OS DE CABALLITO'>BRILL\u00d3 EL CORO KENNEDY EN EL PARQUE RIVADAVIA EN LOS FESTEJOS DE LOS 205 A\u00d1OS DE CABALLITO<\/a><\/h3><span class=\"av-vertical-delimiter\"><\/span><\/header><div class=\"slide-meta\"><time class='slide-meta-time updated'  itemprop=\"datePublished\" datetime=\"2026-02-22T21:08:50-03:00\" >22\/02\/2026<\/time><\/div><div class='slide-entry-excerpt entry-content'  itemprop=\"text\" >\u00a1Qu\u00e9 emoci\u00f3n!\r\nEl s\u00e1bado 21 de febrero, el Parque Rivadavia\u2026<div class=\"read-more-link\"><a href=\"http:\/\/caballitotequiero.com.ar\/portal\/2026\/02\/22\/47485\/\" class=\"more-link\">Leer m\u00e1s<span class=\"more-link-arrow\"><\/span><\/a><\/div><\/div><\/div><footer class=\"entry-footer\"><\/footer><span class='hidden'>\n\t\t\t\t<span class='av-structured-data'  itemprop=\"image\" itemscope=\"itemscope\" itemtype=\"https:\/\/schema.org\/ImageObject\" >\n\t\t\t\t\t\t<span itemprop='url'>http:\/\/caballitotequiero.com.ar\/portal\/wp-content\/uploads\/2026\/02\/coro-kennedy-parque-2.jpg<\/span>\n\t\t\t\t\t\t<span itemprop='height'>394<\/span>\n\t\t\t\t\t\t<span itemprop='width'>700<\/span>\n\t\t\t\t<\/span>\n\t\t\t\t<span class='av-structured-data'  itemprop=\"publisher\" itemtype=\"https:\/\/schema.org\/Organization\" itemscope=\"itemscope\" >\n\t\t\t\t\t\t<span itemprop='name'>revistahorizonte<\/span>\n\t\t\t\t\t\t<span itemprop='logo' itemscope itemtype='https:\/\/schema.org\/ImageObject'>\n\t\t\t\t\t\t\t<span itemprop='url'>http:\/\/caballitotequiero.com.ar\/portal\/wp-content\/uploads\/2016\/05\/cabtq_logo.png<\/span>\n\t\t\t\t\t\t<\/span>\n\t\t\t\t<\/span><span class='av-structured-data'  itemprop=\"author\" itemscope=\"itemscope\" itemtype=\"https:\/\/schema.org\/Person\" ><span itemprop='name'>revistahorizonte<\/span><\/span><span class='av-structured-data'  itemprop=\"datePublished\" datetime=\"2016-04-21T16:09:39-03:00\" >2026-02-22 21:08:50<\/span><span class='av-structured-data'  itemprop=\"dateModified\" itemtype=\"https:\/\/schema.org\/dateModified\" >2026-02-23 21:19:43<\/span><span class='av-structured-data'  itemprop=\"mainEntityOfPage\" itemtype=\"https:\/\/schema.org\/mainEntityOfPage\" ><span itemprop='name'>BRILL\u00d3 EL CORO KENNEDY EN EL PARQUE RIVADAVIA EN LOS FESTEJOS DE LOS 205 A\u00d1OS DE CABALLITO<\/span><\/span><\/span><\/article><\/div><\/div><div class='pagination-wrap pagination-slider'><nav class='pagination'><span class='pagination-meta'>P\u00e1gina 1 de 240<\/span><span class='current'>1<\/span><a href='http:\/\/caballitotequiero.com.ar\/portal\/wp-json\/wp\/v2\/pages\/21433\/?avia-element-paging=2' class='inactive next_page' >2<\/a><a href='http:\/\/caballitotequiero.com.ar\/portal\/wp-json\/wp\/v2\/pages\/21433\/?avia-element-paging=3' class='inactive' >3<\/a><a href='http:\/\/caballitotequiero.com.ar\/portal\/wp-json\/wp\/v2\/pages\/21433\/?avia-element-paging=2'>&rsaquo;<\/a><a href='http:\/\/caballitotequiero.com.ar\/portal\/wp-json\/wp\/v2\/pages\/21433\/?avia-element-paging=240'>&raquo;<\/a><\/nav>\n<\/div><\/div><\/p><\/div>\n<style type=\"text\/css\" data-created_by=\"avia_inline_auto\" id=\"style-css-av-12vdos9-a9d5d81dc1808dc7a09abd10f78af3d6\">\n.flex_column.av-12vdos9-a9d5d81dc1808dc7a09abd10f78af3d6{\n-webkit-border-radius:0px 0px 0px 0px;\n-moz-border-radius:0px 0px 0px 0px;\nborder-radius:0px 0px 0px 0px;\npadding:15px 0px 0px 30px;\nbackground-color:#00a650;\n}\n<\/style>\n<div class='flex_column av-12vdos9-a9d5d81dc1808dc7a09abd10f78af3d6 av_one_fifth  avia-builder-el-8  el_after_av_three_fifth  avia-builder-el-last  no_margin flex_column_table_cell av-equal-height-column av-align-top '     ><div  class='avia-builder-widget-area clearfix  avia-builder-el-9  avia-builder-el-no-sibling '><div id=\"text-23\" class=\"widget clearfix widget_text\"><h3 class=\"widgettitle\">Taller de Historia de Caballito<\/h3>\t\t\t<div class=\"textwidget\"><div  class='avia-video av-av_video-4c0af2c87c467a736ec63ed019d641f9 avia-video-16-9 av-no-preview-image avia-video-load-always av-lazyload-immediate av-lazyload-video-embed'  itemprop=\"video\" itemtype=\"https:\/\/schema.org\/VideoObject\"  data-original_url='https:\/\/youtu.be\/u8L2rFZdel8'><script type='text\/html' class='av-video-tmpl'><div class='avia-iframe-wrap'><iframe title=\"Curso Historia del Barrio de Caballito\" src=\"https:\/\/www.youtube.com\/embed\/u8L2rFZdel8?feature=oembed&autoplay=0&loop=0&controls=1&mute=0\" frameborder=\"0\" allow=\"accelerometer; autoplay; clipboard-write; encrypted-media; gyroscope; picture-in-picture; web-share\" referrerpolicy=\"strict-origin-when-cross-origin\" allowfullscreen><\/iframe><\/div><\/script><div class='av-click-to-play-overlay'><div class=\"avia_playpause_icon\"><\/div><\/div><\/div>\r\n\r\nA cargo de Marina Bussio<\/div>\n\t\t<\/div><div id=\"avia_fb_likebox-1\" class=\"widget clearfix avia-widget-container avia_fb_likebox avia_no_block_preview\"><div class=\"avia-preview-headline\">Enfold Facebook Likebox<\/div><div class=\"avia-preview-info\">T\u00edtulo: Seguinos en Facebook<\/div><div class=\"avia-preview-info\">URL: https:\/\/www.facebook.com\/revistadecaballito<\/div><div class=\"avia-preview-in-front\">Content is only rendered in frontend.<\/div><\/div><div id=\"media_image-2\" class=\"widget clearfix widget_media_image\"><img loading=\"lazy\" decoding=\"async\" width=\"397\" height=\"329\" src=\"http:\/\/caballitotequiero.com.ar\/portal\/wp-content\/uploads\/2026\/04\/banner-abril.jpg\" class=\"image wp-image-47550  attachment-full size-full\" alt=\"\" style=\"max-width: 100%; height: auto;\" srcset=\"http:\/\/caballitotequiero.com.ar\/portal\/wp-content\/uploads\/2026\/04\/banner-abril.jpg 397w, http:\/\/caballitotequiero.com.ar\/portal\/wp-content\/uploads\/2026\/04\/banner-abril-300x249.jpg 300w\" sizes=\"auto, (max-width: 397px) 100vw, 397px\" \/><\/div><div id=\"media_image-3\" class=\"widget clearfix widget_media_image\"><img loading=\"lazy\" decoding=\"async\" width=\"425\" height=\"296\" src=\"http:\/\/caballitotequiero.com.ar\/portal\/wp-content\/uploads\/2026\/02\/Voluminosos.jpg\" class=\"image wp-image-47495  attachment-full size-full\" alt=\"\" style=\"max-width: 100%; height: auto;\" srcset=\"http:\/\/caballitotequiero.com.ar\/portal\/wp-content\/uploads\/2026\/02\/Voluminosos.jpg 425w, http:\/\/caballitotequiero.com.ar\/portal\/wp-content\/uploads\/2026\/02\/Voluminosos-300x209.jpg 300w\" sizes=\"auto, (max-width: 425px) 100vw, 425px\" \/><\/div><\/div><\/div><\/div><!--close column table wrapper. Autoclose: 1 -->\n","protected":false},"excerpt":{"rendered":"","protected":false},"author":1,"featured_media":0,"parent":0,"menu_order":0,"comment_status":"closed","ping_status":"closed","template":"","meta":{"footnotes":""},"class_list":["post-21433","page","type-page","status-publish","hentry"],"_links":{"self":[{"href":"http:\/\/caballitotequiero.com.ar\/portal\/wp-json\/wp\/v2\/pages\/21433","targetHints":{"allow":["GET"]}}],"collection":[{"href":"http:\/\/caballitotequiero.com.ar\/portal\/wp-json\/wp\/v2\/pages"}],"about":[{"href":"http:\/\/caballitotequiero.com.ar\/portal\/wp-json\/wp\/v2\/types\/page"}],"author":[{"embeddable":true,"href":"http:\/\/caballitotequiero.com.ar\/portal\/wp-json\/wp\/v2\/users\/1"}],"replies":[{"embeddable":true,"href":"http:\/\/caballitotequiero.com.ar\/portal\/wp-json\/wp\/v2\/comments?post=21433"}],"version-history":[{"count":116,"href":"http:\/\/caballitotequiero.com.ar\/portal\/wp-json\/wp\/v2\/pages\/21433\/revisions"}],"predecessor-version":[{"id":47115,"href":"http:\/\/caballitotequiero.com.ar\/portal\/wp-json\/wp\/v2\/pages\/21433\/revisions\/47115"}],"wp:attachment":[{"href":"http:\/\/caballitotequiero.com.ar\/portal\/wp-json\/wp\/v2\/media?parent=21433"}],"curies":[{"name":"wp","href":"https:\/\/api.w.org\/{rel}","templated":true}]}}